{"id":17,"date":"2024-02-10T19:21:50","date_gmt":"2024-02-10T18:21:50","guid":{"rendered":"https:\/\/dhfuerte.com\/?page_id=17"},"modified":"2026-02-02T15:48:35","modified_gmt":"2026-02-02T14:48:35","slug":"cullera-downhill-race-2025","status":"publish","type":"page","link":"https:\/\/dhfuerte.com\/en\/","title":{"rendered":"REGISTRATION CULLERA DOWNHILL RACE 2026"},"content":{"rendered":"\n<style>\n\n.hide{\ndisplay:none !important;\n}\n<\/style>\n\n\n\n<div class=\"wp-block-cover alignfull is-light wp-duotone-unset-1\" style=\"margin-top:0;padding-top:48px;padding-right:48px;padding-bottom:48px;padding-left:48px;min-height:100vh;aspect-ratio:unset;\"><img loading=\"lazy\" decoding=\"async\" width=\"2560\" height=\"1707\" class=\"wp-block-cover__image-background wp-image-381\" alt=\"\" src=\"https:\/\/dhfuerte.com\/wp-content\/uploads\/2024\/11\/@caluminthemiddle-07412-scaled.jpg\" data-object-fit=\"cover\" srcset=\"https:\/\/dhfuerte.com\/wp-content\/uploads\/2024\/11\/@caluminthemiddle-07412-scaled.jpg 2560w, https:\/\/dhfuerte.com\/wp-content\/uploads\/2024\/11\/@caluminthemiddle-07412-300x200.jpg 300w, https:\/\/dhfuerte.com\/wp-content\/uploads\/2024\/11\/@caluminthemiddle-07412-1024x683.jpg 1024w, https:\/\/dhfuerte.com\/wp-content\/uploads\/2024\/11\/@caluminthemiddle-07412-768x512.jpg 768w, https:\/\/dhfuerte.com\/wp-content\/uploads\/2024\/11\/@caluminthemiddle-07412-1536x1024.jpg 1536w, https:\/\/dhfuerte.com\/wp-content\/uploads\/2024\/11\/@caluminthemiddle-07412-2048x1365.jpg 2048w, https:\/\/dhfuerte.com\/wp-content\/uploads\/2024\/11\/@caluminthemiddle-07412-600x400.jpg 600w\" sizes=\"auto, (max-width: 2560px) 100vw, 2560px\" \/><span aria-hidden=\"true\" class=\"wp-block-cover__background has-background-dim-40 has-background-dim wp-block-cover__gradient-background has-background-gradient\" style=\"background-color:#8d817b;background:linear-gradient(135deg,rgb(0,28,71) 0%,rgb(161,116,54) 100%)\"><\/span><div class=\"wp-block-cover__inner-container is-layout-flow wp-block-cover-is-layout-flow\">\n<h1 class=\"wp-block-heading alignfull has-text-align-center is-style-default has-base-color has-text-color has-xx-large-font-size\" style=\"font-style:normal;font-weight:700;letter-spacing:0px;line-height:1;text-transform:uppercase\">CULLERA DOWNHILL RACE 2026<\/h1>\n\n\n\n<h2 class=\"wp-block-heading has-text-align-center has-base-color has-text-color has-link-color has-large-font-size wp-elements-01bfe773ae74fba34f347eaf8ce5cc7a\">27 28 y 29 de Marzo en <a data-type=\"internal\" data-id=\"#CULLERA\" href=\"#CULLERA\">Cullera<\/a>, Valencia<\/h2>\n\n\n\n<h2 class=\"wp-block-heading has-text-align-center has-base-color has-text-color has-link-color has-large-font-size wp-elements-ee445045a32ba77e1d61c8775515d48a\"><a href=\"https:\/\/www.instagram.com\/cndownhill\/\" type=\"link\" id=\"https:\/\/www.instagram.com\/cndownhill\/\">CAMPEONATO DE ESPA\u00d1A<\/a> Y PRIMERA PARADA DEL <a href=\"https:\/\/www.instagram.com\/eurotour_downhill_series\/\" type=\"link\" id=\"https:\/\/www.instagram.com\/eurotour_downhill_series\/\">EUROTOUR<\/a><\/h2>\n\n\n\n<div class=\"wp-block-buttons is-content-justification-center is-nowrap is-layout-flex wp-container-core-buttons-is-layout-12a27398 wp-block-buttons-is-layout-flex\">\n<div class=\"wp-block-button is-style-fill\"><a class=\"wp-block-button__link wp-element-button\" href=\"https:\/\/dhfuerte.com\/product\/inscripcion-cullera-downhill-race-2025\/\"><strong>INSCRIPCIONES<\/strong><\/a><\/div>\n<\/div>\n<\/div><\/div>\n\n\n\n<div style=\"height:69px\" aria-hidden=\"true\" class=\"wp-block-spacer\"><\/div>\n\n\n<nav class=\"has-medium-font-size items-justified-center wp-block-navigation is-content-justification-center is-layout-flex wp-container-core-navigation-is-layout-007a9c89 wp-block-navigation-is-layout-flex\" aria-label=\"Navegaci\u00f3n 5\"><ul class=\"wp-block-navigation__container has-medium-font-size items-justified-center wp-block-navigation has-medium-font-size\"><li class=\"has-medium-font-size wp-block-navigation-item wp-block-navigation-link\"><a class=\"wp-block-navigation-item__content\"  href=\"#CULLERA\"><span class=\"wp-block-navigation-item__label\">SOBRE CULLERA<\/span><\/a><\/li><li class=\"has-medium-font-size wp-block-navigation-item wp-block-navigation-link\"><a class=\"wp-block-navigation-item__content\"  href=\"#CIRCUITO\"><span class=\"wp-block-navigation-item__label\">EL CIRCUITO<\/span><\/a><\/li><\/ul><ul class=\"wp-block-navigation__container has-medium-font-size items-justified-center wp-block-navigation has-medium-font-size\"><li class=\"has-medium-font-size wp-block-navigation-item wp-block-navigation-link\"><a class=\"wp-block-navigation-item__content\"  href=\"#CULLERA\"><span class=\"wp-block-navigation-item__label\">LUGARES DE INTER\u00c9S<\/span><\/a><\/li><li class=\"has-medium-font-size wp-block-navigation-item wp-block-navigation-link\"><a class=\"wp-block-navigation-item__content\"  href=\"https:\/\/drive.google.com\/drive\/folders\/1yuc8zwbZAO3bf5FmiEl5K9lrWeSJsFuo?usp=drive_link\" target=\"_blank\"  ><span class=\"wp-block-navigation-item__label\">GALER\u00cdA 2025<\/span><\/a><\/li><li class=\"has-medium-font-size wp-block-navigation-item wp-block-navigation-link\"><a class=\"wp-block-navigation-item__content\"  href=\"#ABOUT\"><span class=\"wp-block-navigation-item__label\">SOBRE NOSOTROS<\/span><\/a><\/li><li class=\"has-medium-font-size wp-block-navigation-item wp-block-navigation-link\"><a class=\"wp-block-navigation-item__content\"  href=\"#SPONSORS\"><span class=\"wp-block-navigation-item__label\">SPONSORS<\/span><\/a><\/li><\/ul><\/nav>\n\n\n<div style=\"height:95px\" aria-hidden=\"true\" class=\"wp-block-spacer\"><\/div>\n\n\n\n<h2 class=\"wp-block-heading has-text-align-center has-large-font-size\">INLINE DOWNHILL | LONGBOARD DOWNHILL | LUGE<\/h2>\n\n\n\n<p class=\"has-text-align-center\">Qu\u00e9 tienes que hacer despu\u00e9s de las fallas? porque aqu\u00ed tenemos plan para quitarte el mono de patinar freeride comenzando la primavera. Adem\u00e1s acogemos el <strong>Campeonato de Espa\u00f1a<\/strong> y de la Comunidad Valenciana. <strong>Slidejam<\/strong>, downhill, fiestita, playa, skateparks&#8230; pronto sabr\u00e9is m\u00e1s \ud83d\udc95<\/p>\n\n\n\n<p class=\"has-text-align-center\">Alguna duda? Escr\u00edbenos en Instagram: <a data-type=\"link\" data-id=\"https:\/\/www.instagram.com\/hortadownhill\/\" href=\"https:\/\/www.instagram.com\/hortadownhill\/\">@hortadownhill<\/a><\/p>\n\n\n\n<div class=\"wp-block-buttons is-content-justification-center is-layout-flex wp-container-core-buttons-is-layout-a89b3969 wp-block-buttons-is-layout-flex\">\n<div class=\"wp-block-button is-style-fill\"><a class=\"wp-block-button__link has-base-color has-text-color has-custom-font-size wp-element-button\" href=\"https:\/\/dhfuerte.com\/product\/inscripcion-cullera-downhill-race-2025\/\" style=\"border-width:5px;padding-top:7px;padding-right:42px;padding-bottom:7px;padding-left:42px;font-size:clamp(14px, 0.875rem + ((1vw - 3.2px) * 0.417), 18px);font-style:normal;font-weight:900;letter-spacing:0px;text-transform:uppercase\"><strong>INSCRIPCIONES<\/strong><\/a><\/div>\n<\/div>\n\n\n\n<div style=\"height:36px\" aria-hidden=\"true\" class=\"wp-block-spacer\"><\/div>\n\n\n\n<figure class=\"wp-block-embed is-type-video is-provider-youtube wp-block-embed-youtube wp-embed-aspect-16-9 wp-has-aspect-ratio\"><div class=\"wp-block-embed__wrapper\">\n<iframe loading=\"lazy\" title=\"Cullera Downhill Race 2024\" width=\"500\" height=\"281\" src=\"https:\/\/www.youtube.com\/embed\/ycF750V7x-8?feature=oembed\" frameborder=\"0\" allow=\"accelerometer; autoplay; clipboard-write; encrypted-media; gyroscope; picture-in-picture; web-share\" referrerpolicy=\"strict-origin-when-cross-origin\" allowfullscreen><\/iframe>\n<\/div><\/figure>\n\n\n\n<figure class=\"wp-block-embed is-type-video is-provider-youtube wp-block-embed-youtube wp-embed-aspect-16-9 wp-has-aspect-ratio\"><div class=\"wp-block-embed__wrapper\">\n<iframe loading=\"lazy\" title=\"Cullera Downhill Race 2025 - Carreras Longboard Inline &amp; Luge - Directo oficial\" width=\"500\" height=\"281\" src=\"https:\/\/www.youtube.com\/embed\/R2Rx4xxOweM?feature=oembed\" frameborder=\"0\" allow=\"accelerometer; autoplay; clipboard-write; encrypted-media; gyroscope; picture-in-picture; web-share\" referrerpolicy=\"strict-origin-when-cross-origin\" allowfullscreen><\/iframe>\n<\/div><\/figure>\n\n\n\n<div style=\"height:129px\" aria-hidden=\"true\" class=\"wp-block-spacer\"><\/div>\n\n\n\n<div class=\"wp-block-cover alignfull has-aspect-ratio\" style=\"margin-top:0;margin-bottom:0;padding-top:0;padding-right:0;padding-bottom:0;padding-left:0;min-height:500px;aspect-ratio:3\/2;min-height:unset;\"><img loading=\"lazy\" decoding=\"async\" width=\"1024\" height=\"683\" class=\"wp-block-cover__image-background wp-image-711 size-large\" alt=\"\" src=\"https:\/\/dhfuerte.com\/wp-content\/uploads\/2025\/11\/CDR20250329674-@cmdsft-1024x683.jpg\" data-object-fit=\"cover\" srcset=\"https:\/\/dhfuerte.com\/wp-content\/uploads\/2025\/11\/CDR20250329674-@cmdsft-1024x683.jpg 1024w, https:\/\/dhfuerte.com\/wp-content\/uploads\/2025\/11\/CDR20250329674-@cmdsft-300x200.jpg 300w, https:\/\/dhfuerte.com\/wp-content\/uploads\/2025\/11\/CDR20250329674-@cmdsft-768x512.jpg 768w, https:\/\/dhfuerte.com\/wp-content\/uploads\/2025\/11\/CDR20250329674-@cmdsft-1536x1024.jpg 1536w, https:\/\/dhfuerte.com\/wp-content\/uploads\/2025\/11\/CDR20250329674-@cmdsft-18x12.jpg 18w, https:\/\/dhfuerte.com\/wp-content\/uploads\/2025\/11\/CDR20250329674-@cmdsft-600x400.jpg 600w, https:\/\/dhfuerte.com\/wp-content\/uploads\/2025\/11\/CDR20250329674-@cmdsft.jpg 2048w\" sizes=\"auto, (max-width: 1024px) 100vw, 1024px\" \/><span aria-hidden=\"true\" class=\"wp-block-cover__background has-background-dim-0 has-background-dim\" style=\"background-color:#33292a\"><\/span><div class=\"wp-block-cover__inner-container is-layout-flow wp-container-core-cover-is-layout-92c9f0b4 wp-block-cover-is-layout-flow\">\n<p class=\"has-text-align-center has-large-font-size\"><\/p>\n<\/div><\/div>\n\n\n\n<div class=\"wp-block-cover alignfull is-light wp-duotone-0f2356-rgb255255255-2\" style=\"border-style:none;border-width:0px;margin-top:0;margin-bottom:0;padding-top:0;padding-right:0;padding-bottom:0;padding-left:0;min-height:428px;aspect-ratio:unset;\"><img loading=\"lazy\" decoding=\"async\" width=\"683\" height=\"1024\" class=\"wp-block-cover__image-background wp-image-373 size-large\" alt=\"\" src=\"https:\/\/dhfuerte.com\/wp-content\/uploads\/2024\/11\/@caluminthemiddle-68-683x1024.jpg\" data-object-fit=\"cover\" srcset=\"https:\/\/dhfuerte.com\/wp-content\/uploads\/2024\/11\/@caluminthemiddle-68-683x1024.jpg 683w, https:\/\/dhfuerte.com\/wp-content\/uploads\/2024\/11\/@caluminthemiddle-68-200x300.jpg 200w, https:\/\/dhfuerte.com\/wp-content\/uploads\/2024\/11\/@caluminthemiddle-68-768x1152.jpg 768w, https:\/\/dhfuerte.com\/wp-content\/uploads\/2024\/11\/@caluminthemiddle-68-1024x1536.jpg 1024w, https:\/\/dhfuerte.com\/wp-content\/uploads\/2024\/11\/@caluminthemiddle-68-1365x2048.jpg 1365w, https:\/\/dhfuerte.com\/wp-content\/uploads\/2024\/11\/@caluminthemiddle-68-600x900.jpg 600w, https:\/\/dhfuerte.com\/wp-content\/uploads\/2024\/11\/@caluminthemiddle-68-scaled.jpg 1707w\" sizes=\"auto, (max-width: 683px) 100vw, 683px\" \/><span aria-hidden=\"true\" class=\"wp-block-cover__background has-background-dim-60 has-background-dim\" style=\"background-color:#8f979a\"><\/span><div class=\"wp-block-cover__inner-container is-layout-flow wp-container-core-cover-is-layout-548c0a7b wp-block-cover-is-layout-flow\">\n<div style=\"height:100px\" aria-hidden=\"true\" class=\"wp-block-spacer\"><\/div>\n\n\n\n<h2 class=\"wp-block-heading has-text-align-center has-base-color has-text-color has-link-color has-large-font-size wp-elements-182de360bdbf8d5200be96d74a3975ac\"><strong>27 28 y 29 de Marzo en <a data-type=\"internal\" data-id=\"#CULLERA\" href=\"#CULLERA\">Cullera<\/a><\/strong><\/h2>\n\n\n\n<div class=\"wp-block-group has-base-color has-text-color has-link-color wp-elements-c75a158e22e3a362826b34f891fc3ba3 has-global-padding is-layout-constrained wp-block-group-is-layout-constrained\">\n<p><strong>HORARIO<\/strong>:<\/p>\n\n\n\n<ul style=\"padding-right:var(--wp--preset--spacing--40);padding-left:var(--wp--preset--spacing--40)\" class=\"wp-block-list has-contrast-2-background-color has-background\">\n<li><strong>Viernes:&nbsp;<\/strong>\n<ul class=\"wp-block-list\">\n<li>Inscripciones: 8:30h a 9:30h<\/li>\n\n\n\n<li>Freeride: 10h a 14h y 15h a 18h<\/li>\n<\/ul>\n<\/li>\n\n\n\n<li><strong>S\u00e1bado<\/strong>:&nbsp;\n<ul class=\"wp-block-list\">\n<li>Inscripciones: 8:30h a 9:30h<\/li>\n\n\n\n<li>Freeride y race: 10h a 14h y 15h a 18h<\/li>\n\n\n\n<li>Slide Jam: 19h a 21h<\/li>\n<\/ul>\n<\/li>\n\n\n\n<li><strong>Domingo<\/strong>:&nbsp;\n<ul class=\"wp-block-list\">\n<li>Freeride y race: 9h a 16h<\/li>\n<\/ul>\n<\/li>\n<\/ul>\n\n\n\n<div class=\"wp-block-group has-contrast-2-background-color has-background has-global-padding is-layout-constrained wp-container-core-group-is-layout-9597dc02 wp-block-group-is-layout-constrained\" style=\"padding-top:var(--wp--preset--spacing--10);padding-right:var(--wp--preset--spacing--10);padding-bottom:var(--wp--preset--spacing--10);padding-left:var(--wp--preset--spacing--10)\">\n<p>Horarios sujetos a cambios, estar atentos a las comunicaciones por el grupo y por la cuenta de instagram. Muchas gracias! \ud83d\ude42<\/p>\n\n\n\n<p>Schedules subject to change, stay tuned for communications through the group and instagram account. Thank you very much \ud83d\ude42<\/p>\n<\/div>\n\n\n\n<p>Alguna duda? Escr\u00edbenos en Instagram:&nbsp;<a href=\"https:\/\/www.instagram.com\/hortadownhill\/\">@hortadownhill<\/a><\/p>\n\n\n\n<p><\/p>\n<\/div>\n<\/div><\/div>\n\n\n\n<div class=\"wp-block-group alignfull has-base-color has-contrast-background-color has-text-color has-background is-layout-flow wp-container-core-group-is-layout-d33f047f wp-block-group-is-layout-flow\" style=\"border-style:none;border-width:0px;margin-top:0;margin-bottom:0;padding-top:var(--wp--preset--spacing--60);padding-right:var(--wp--preset--spacing--60);padding-bottom:var(--wp--preset--spacing--60);padding-left:var(--wp--preset--spacing--60)\">\n<div class=\"wp-block-cover aligncenter is-light has-base-color has-text-color has-link-color wp-elements-21da700eda20c2822322b7101463cfa1\" style=\"min-height:704px;aspect-ratio:unset;\"><img loading=\"lazy\" decoding=\"async\" width=\"683\" height=\"1024\" class=\"wp-block-cover__image-background wp-image-465\" alt=\"\" src=\"https:\/\/dhfuerte.com\/wp-content\/uploads\/2024\/11\/@caluminthemiddle-08149-683x1024.jpg\" style=\"object-position:44% 38%\" data-object-fit=\"cover\" data-object-position=\"44% 38%\" srcset=\"https:\/\/dhfuerte.com\/wp-content\/uploads\/2024\/11\/@caluminthemiddle-08149-683x1024.jpg 683w, https:\/\/dhfuerte.com\/wp-content\/uploads\/2024\/11\/@caluminthemiddle-08149-200x300.jpg 200w, https:\/\/dhfuerte.com\/wp-content\/uploads\/2024\/11\/@caluminthemiddle-08149-768x1152.jpg 768w, https:\/\/dhfuerte.com\/wp-content\/uploads\/2024\/11\/@caluminthemiddle-08149-1024x1536.jpg 1024w, https:\/\/dhfuerte.com\/wp-content\/uploads\/2024\/11\/@caluminthemiddle-08149-1365x2048.jpg 1365w, https:\/\/dhfuerte.com\/wp-content\/uploads\/2024\/11\/@caluminthemiddle-08149-600x900.jpg 600w, https:\/\/dhfuerte.com\/wp-content\/uploads\/2024\/11\/@caluminthemiddle-08149-scaled.jpg 1707w\" sizes=\"auto, (max-width: 683px) 100vw, 683px\" \/><span aria-hidden=\"true\" class=\"wp-block-cover__background has-background-dim-30 has-background-dim\"><\/span><div class=\"wp-block-cover__inner-container has-global-padding is-layout-constrained wp-block-cover-is-layout-constrained\">\n<h2 class=\"wp-block-heading has-base-color has-text-color has-link-color wp-elements-7caa77e8b117f4da4db1b916c0650187\" id=\"CIRCUITO\">El circuito<\/h2>\n\n\n\n<ul class=\"wp-block-list\">\n<li>1200 metros de carretera cortada \ud83c\udfce\ufe0f<\/li>\n\n\n\n<li>Protegida con 1000 balas de paja \ud83c\udf3f<\/li>\n\n\n\n<li>2 ambulancias \ud83d\ude91 <\/li>\n\n\n\n<li>Remontes rapid\u00edsimos \u26a1<\/li>\n\n\n\n<li><a data-type=\"link\" data-id=\"https:\/\/maps.app.goo.gl\/BvrAcF7iYysaP1Bd7\" href=\"https:\/\/maps.app.goo.gl\/BvrAcF7iYysaP1Bd7\" target=\"_blank\" rel=\"noreferrer noopener\"><strong>LINK DEL SPOT<\/strong><\/a><\/li>\n<\/ul>\n<\/div><\/div>\n<\/div>\n\n\n\n<div class=\"wp-block-group alignfull has-base-2-background-color has-background is-layout-flow wp-block-group-is-layout-flow\" style=\"margin-top:0;margin-bottom:0;padding-top:var(--wp--preset--spacing--50);padding-right:var(--wp--preset--spacing--50);padding-bottom:var(--wp--preset--spacing--50);padding-left:var(--wp--preset--spacing--50)\">\n<div class=\"wp-block-group alignwide has-global-padding is-layout-constrained wp-container-core-group-is-layout-67f84208 wp-block-group-is-layout-constrained\" style=\"border-radius:16px;margin-top:0;margin-bottom:0;padding-top:var(--wp--preset--spacing--10);padding-right:0;padding-bottom:var(--wp--preset--spacing--10);padding-left:0\">\n\n\n<div class=\"wp-block-group has-global-padding is-layout-constrained wp-container-core-group-is-layout-4b73d0e1 wp-block-group-is-layout-constrained\" style=\"margin-top:0;margin-bottom:0;padding-top:0;padding-right:var(--wp--preset--spacing--10);padding-bottom:0;padding-left:var(--wp--preset--spacing--10)\">\n<p><strong>PRECIOS:<\/strong><\/p>\n\n\n\n<ul class=\"wp-block-list\">\n<li>2 d\u00edas 110\u20ac<strong> ( s\u00e1bado \/ domingo )<\/strong><\/li>\n\n\n\n<li>3 d\u00edas 150\u20ac <strong>( viernes \/ s\u00e1bado \/ domingo )<\/strong><\/li>\n\n\n\n<li>Extra racing +15\u20ac<\/li>\n<\/ul>\n\n\n\n<p><strong>RACE<\/strong>:<\/p>\n\n\n\n<ul class=\"wp-block-list\">\n<li>INLINE | LONGBOARD | LUGE<\/li>\n\n\n\n<li>MASTERS!<\/li>\n\n\n\n<li>Es requerido authorization en caso de menor<\/li>\n<\/ul>\n\n\n\n<p><strong>HORARIO<\/strong>:<\/p>\n\n\n\n<ul class=\"wp-block-list\">\n<li>Viernes:\n<ul class=\"wp-block-list\">\n<li>Inscripciones: 8:30h a 9:30h<\/li>\n\n\n\n<li>Freeride: 10h a 14h y 15h a 18h<\/li>\n<\/ul>\n<\/li>\n\n\n\n<li>Sabado:\n<ul class=\"wp-block-list\">\n<li>Inscripciones: 8:30h a 9:30h<\/li>\n\n\n\n<li>Freeride \/ race: 10h a 14h y 15h a 18h<\/li>\n<\/ul>\n<\/li>\n\n\n\n<li>Domingo: \n<ul class=\"wp-block-list\">\n<li>Freeride \/ race: 9h a 16h<\/li>\n<\/ul>\n<\/li>\n<\/ul>\n\n\n\n<p>Alguna duda? Escr\u00edbenos en Instagram:&nbsp;<a href=\"https:\/\/www.instagram.com\/hortadownhill\/\">@hortadownhill<\/a><\/p>\n<\/div>\n<\/div>\n<\/div>\n\n\n\n<div style=\"height:54px\" aria-hidden=\"true\" class=\"wp-block-spacer\"><\/div>\n\n\n\n<div class=\"wp-block-group alignfull has-global-padding is-layout-constrained wp-block-group-is-layout-constrained\">\n<h2 class=\"wp-block-heading\" id=\"COMIPATIN\"><strong>COMIPATIN<\/strong><\/h2>\n\n\n\n<p><strong>Quieres venir al evento y no tienes mucha pasta?<\/strong> te proponemos est\u00e1s dos opciones en las que adem\u00e1s pondr\u00e1s tu granito de arena.<\/p>\n\n\n\n<p>Si quieres venir los<strong> 3 d\u00edas<\/strong>, tendr\u00e1s que <strong>trabajar uno, patinar dos<\/strong> y solo tendr\u00e1s que abonar <strong>50\u20ac<\/strong>.<\/p>\n\n\n\n<p>Y si vienes <strong>2 d\u00edas<\/strong>&nbsp;<strong>trabajaras uno y patinaras otro<\/strong>. Es muy sencillo, en este caso solo podr\u00e1 ser s\u00e1bado y domingo.<\/p>\n\n\n\n<p>Este a\u00f1o no hay carrera para comipatin por razones log\u00edsticas.<\/p>\n\n\n\n<div style=\"height:30px\" aria-hidden=\"true\" class=\"wp-block-spacer\"><\/div>\n\n\n\n<div class=\"wp-block-group alignfull has-global-padding is-layout-constrained wp-container-core-group-is-layout-72190d31 wp-block-group-is-layout-constrained\" style=\"margin-top:0;margin-bottom:0;padding-top:0;padding-right:0;padding-bottom:0;padding-left:0\">\n<div class=\"wp-block-group alignwide has-global-padding is-layout-constrained wp-container-core-group-is-layout-639b5052 wp-block-group-is-layout-constrained\" style=\"border-radius:16px;padding-top:0;padding-right:0;padding-bottom:0;padding-left:0\">\n\n\n<p>Alguna duda? Escr\u00edbenos en Instagram:&nbsp;<a href=\"https:\/\/www.instagram.com\/hortadownhill\/\">@hortadownhill<\/a><\/p>\n<\/div>\n<\/div>\n<\/div>\n\n\n\n<div style=\"height:45px\" aria-hidden=\"true\" class=\"wp-block-spacer\"><\/div>\n\n\n\n<div class=\"wp-block-group is-layout-grid wp-container-core-group-is-layout-d88a0cef wp-block-group-is-layout-grid\">\n<figure class=\"wp-block-embed is-type-video is-provider-youtube wp-block-embed-youtube wp-embed-aspect-16-9 wp-has-aspect-ratio\"><div class=\"wp-block-embed__wrapper\">\n<iframe loading=\"lazy\" title=\"CULLERA DOWNHILL RACE  2024\" width=\"500\" height=\"281\" src=\"https:\/\/www.youtube.com\/embed\/uhXWDPj7hzE?feature=oembed\" frameborder=\"0\" allow=\"accelerometer; autoplay; clipboard-write; encrypted-media; gyroscope; picture-in-picture; web-share\" referrerpolicy=\"strict-origin-when-cross-origin\" allowfullscreen><\/iframe>\n<\/div><\/figure>\n\n\n\n<figure class=\"wp-block-embed is-type-video is-provider-youtube wp-block-embed-youtube wp-embed-aspect-16-9 wp-has-aspect-ratio\"><div class=\"wp-block-embed__wrapper\">\n<iframe loading=\"lazy\" title=\"Cullera Downhill 2024 relax\" width=\"500\" height=\"281\" src=\"https:\/\/www.youtube.com\/embed\/jfOYbiePq3Q?feature=oembed\" frameborder=\"0\" allow=\"accelerometer; autoplay; clipboard-write; encrypted-media; gyroscope; picture-in-picture; web-share\" referrerpolicy=\"strict-origin-when-cross-origin\" allowfullscreen><\/iframe>\n<\/div><\/figure>\n\n\n\n<figure class=\"wp-block-embed is-type-video is-provider-youtube wp-block-embed-youtube wp-embed-aspect-16-9 wp-has-aspect-ratio\"><div class=\"wp-block-embed__wrapper\">\n<iframe loading=\"lazy\" title=\"Loulou goes down Cullera\" width=\"500\" height=\"281\" src=\"https:\/\/www.youtube.com\/embed\/l4qbUeGhrdI?feature=oembed\" frameborder=\"0\" allow=\"accelerometer; autoplay; clipboard-write; encrypted-media; gyroscope; picture-in-picture; web-share\" referrerpolicy=\"strict-origin-when-cross-origin\" allowfullscreen><\/iframe>\n<\/div><\/figure>\n\n\n\n<figure class=\"wp-block-embed is-type-video is-provider-youtube wp-block-embed-youtube wp-embed-aspect-16-9 wp-has-aspect-ratio\"><div class=\"wp-block-embed__wrapper\">\n<iframe loading=\"lazy\" title=\"\ud83c\udfd6 CULLERA DOWNHILL RACE  [ Valencia \/\/ 2025 ] #UBruns\" width=\"500\" height=\"281\" src=\"https:\/\/www.youtube.com\/embed\/Pmqt4B4L6wM?feature=oembed\" frameborder=\"0\" allow=\"accelerometer; autoplay; clipboard-write; encrypted-media; gyroscope; picture-in-picture; web-share\" referrerpolicy=\"strict-origin-when-cross-origin\" allowfullscreen><\/iframe>\n<\/div><\/figure>\n<\/div>\n\n\n\n<div style=\"height:45px\" aria-hidden=\"true\" class=\"wp-block-spacer\"><\/div>\n\n\n\n<div class=\"wp-block-cover alignfull is-light wp-duotone-unset-3\" style=\"min-height:328px;aspect-ratio:unset;\" id=\"ABOUT\"><img loading=\"lazy\" decoding=\"async\" width=\"2560\" height=\"1707\" class=\"wp-block-cover__image-background wp-image-560\" alt=\"\" src=\"https:\/\/dhfuerte.com\/wp-content\/uploads\/2025\/01\/@caluminthemiddle-09801-scaled.jpg\" data-object-fit=\"cover\" srcset=\"https:\/\/dhfuerte.com\/wp-content\/uploads\/2025\/01\/@caluminthemiddle-09801-scaled.jpg 2560w, https:\/\/dhfuerte.com\/wp-content\/uploads\/2025\/01\/@caluminthemiddle-09801-300x200.jpg 300w, https:\/\/dhfuerte.com\/wp-content\/uploads\/2025\/01\/@caluminthemiddle-09801-1024x683.jpg 1024w, https:\/\/dhfuerte.com\/wp-content\/uploads\/2025\/01\/@caluminthemiddle-09801-768x512.jpg 768w, https:\/\/dhfuerte.com\/wp-content\/uploads\/2025\/01\/@caluminthemiddle-09801-1536x1024.jpg 1536w, https:\/\/dhfuerte.com\/wp-content\/uploads\/2025\/01\/@caluminthemiddle-09801-2048x1365.jpg 2048w, https:\/\/dhfuerte.com\/wp-content\/uploads\/2025\/01\/@caluminthemiddle-09801-18x12.jpg 18w, https:\/\/dhfuerte.com\/wp-content\/uploads\/2025\/01\/@caluminthemiddle-09801-600x400.jpg 600w\" sizes=\"auto, (max-width: 2560px) 100vw, 2560px\" \/><span aria-hidden=\"true\" class=\"wp-block-cover__background has-base-background-color has-background-dim-30 has-background-dim\"><\/span><div class=\"wp-block-cover__inner-container has-global-padding is-layout-constrained wp-block-cover-is-layout-constrained\">\n<h2 class=\"wp-block-heading has-text-align-center has-contrast-color has-text-color has-link-color has-xx-large-font-size wp-elements-170f3a9f4a5c072550ab42339ed23810\" id=\"CULLERA\"><strong>SOBRE HORTA DOWNHILL CLUB<\/strong><\/h2>\n<\/div><\/div>\n\n\n\n<p>La Cullera Downhill Race 2025 es el resultado de la pasi\u00f3n y dedicaci\u00f3n de un grupo de patinadores que decidieron unir sus fuerzas para crear un evento \u00fanico en Valencia. En esta entrevista, Ripo nos cuentan su historia, su motivaci\u00f3n y los retos de organizar un freeride en un lugar tan ic\u00f3nico como Cullera.<\/p>\n\n\n\n<p><strong>\u00bfCu\u00e1l es la historia de L&#8217;Horta y por qu\u00e9 decidieron formar el club?<\/strong><\/p>\n\n\n\n<p>Bueno, L&#8217;Horta viene de hace&#8230; seguramente hace unos 14 a\u00f1os. Exist\u00eda un antiguo club llamado L&#8217;Horta Sud, que ya no es el actual. A partir de ah\u00ed, recreamos un nuevo club, manteniendo el nombre para honrar nuestra ciudad y territorio: L&#8217;Horta, que en castellano significa \u00abla huerta\u00bb. As\u00ed naci\u00f3 el nuevo Horta, pero esta vez sin el Sud ya que en el equipo tambi\u00e9n tenemos a gente de Horta Nord, al norte de Valencia como Andreu.<\/p>\n\n\n\n<p><strong>\u00bfDesde cu\u00e1ndo patinan juntos como equipo? \u00bfCu\u00e1l fue el origen de su uni\u00f3n?<\/strong><\/p>\n\n\n\n<p>Cada uno comenz\u00f3 a patinar por su cuenta, pero llevamos unos 8 o 9 a\u00f1os patinando juntos como equipo. Nos unimos gracias a nuestra tierra, L&#8217;Horta, que nos ha conectado de nuevo.<\/p>\n\n\n\n<p><strong>\u00bfC\u00f3mo se organizan dentro del equipo para este evento?<\/strong><\/p>\n\n\n\n<p>Dentro del equipo, cada uno tiene su rol. Por ejemplo, Andreu es nuestro secretario, y adem\u00e1s es todo un campe\u00f3n mundial. Chuso es el tesorero y el \u00fanico del equipo que est\u00e1 empadronado en Cullera, as\u00ed que es el verdadero local. Yo soy el presidente, pero fue una decisi\u00f3n un\u00e1nime del equipo, no algo que yo buscara jajaja<\/p>\n\n\n\n<p><strong>\u00bfPor qu\u00e9 eligieron Cullera como lugar para el evento?<\/strong><\/p>\n\n\n\n<p>Cullera es nuestro spot m\u00edtico valenciano. Llevamos patinando en esta carretera desde hace 15 a\u00f1os. Es un lugar \u00fanico: monta\u00f1a junto al mar, unas vistas incre\u00edbles&#8230; Era el lugar ideal para montar un freeride.<\/p>\n\n\n\n<p><strong>\u00bfQu\u00e9 los motiv\u00f3 a organizar un evento como este?<\/strong><\/p>\n\n\n\n<p>Siempre hab\u00edamos so\u00f1ado con montar algo aqu\u00ed. La idea era incentivar el downhill, un deporte que nos apasiona. Quer\u00edamos dar a Espa\u00f1a, y especialmente a Valencia, un evento propio, porque en otras regiones como Catalu\u00f1a y Galicia ya hab\u00eda eventos establecidos, pero nos faltaba el nuestro! Cuando aqu\u00ed tradicionalmente hemos tenido cultura downhilera.<\/p>\n\n\n\n<p><strong>\u00bfQu\u00e9 sienten al ver su sue\u00f1o hecho realidad?<\/strong><\/p>\n\n\n\n<p>Es una gran satisfacci\u00f3n personal. No ganamos dinero con esto, pero ver a 120 personas patinando en la carretera donde hemos crecido y entrenado durante tantos a\u00f1os&#8230; Es incre\u00edble. Vale la pena el esfuerzo y las canas que nos trae organizar todo esto. La alegr\u00eda de la gente lo compensa todo.<\/p>\n\n\n\n<div style=\"height:66px\" aria-hidden=\"true\" class=\"wp-block-spacer\"><\/div>\n\n\n\n<div class=\"wp-block-cover alignfull is-light wp-duotone-unset-4\" style=\"min-height:328px;aspect-ratio:unset;\"><img loading=\"lazy\" decoding=\"async\" width=\"1920\" height=\"1280\" class=\"wp-block-cover__image-background wp-image-62\" alt=\"\" src=\"https:\/\/dhfuerte.com\/wp-content\/uploads\/2024\/02\/Santuario_Virgen_del_Castillo_B4A1296.jpg\" data-object-fit=\"cover\" srcset=\"https:\/\/dhfuerte.com\/wp-content\/uploads\/2024\/02\/Santuario_Virgen_del_Castillo_B4A1296.jpg 1920w, https:\/\/dhfuerte.com\/wp-content\/uploads\/2024\/02\/Santuario_Virgen_del_Castillo_B4A1296-300x200.jpg 300w, https:\/\/dhfuerte.com\/wp-content\/uploads\/2024\/02\/Santuario_Virgen_del_Castillo_B4A1296-1024x683.jpg 1024w, https:\/\/dhfuerte.com\/wp-content\/uploads\/2024\/02\/Santuario_Virgen_del_Castillo_B4A1296-768x512.jpg 768w, https:\/\/dhfuerte.com\/wp-content\/uploads\/2024\/02\/Santuario_Virgen_del_Castillo_B4A1296-1536x1024.jpg 1536w, https:\/\/dhfuerte.com\/wp-content\/uploads\/2024\/02\/Santuario_Virgen_del_Castillo_B4A1296-1320x880.jpg 1320w, https:\/\/dhfuerte.com\/wp-content\/uploads\/2024\/02\/Santuario_Virgen_del_Castillo_B4A1296-600x400.jpg 600w\" sizes=\"auto, (max-width: 1920px) 100vw, 1920px\" \/><span aria-hidden=\"true\" class=\"wp-block-cover__background has-base-background-color has-background-dim-30 has-background-dim\"><\/span><div class=\"wp-block-cover__inner-container has-global-padding is-layout-constrained wp-block-cover-is-layout-constrained\">\n<h2 class=\"wp-block-heading has-text-align-center has-contrast-color has-text-color has-link-color has-xx-large-font-size wp-elements-303debd2bbcf3c8d5458878c3020a0a6\" id=\"CULLERA\"><strong>CULLERA<\/strong><\/h2>\n<\/div><\/div>\n\n\n\n<p>Una joya monta\u00f1osa pegada al mar, entre la planicie. As\u00ed es, hablamos de la capital de la Ribera Baixa. <br>Esta localidad siempre ha sido fan de los deportes de ruedas y ahora le entran ganas de meterle al dhfuerte en sus colinas. <br>Hablo de la <strong>monta\u00f1a de les Raboses<\/strong>, esa que se luce con un castillo medieval y m\u00edtico faro al otro lado.<\/p>\n\n\n\n<p>Aqu\u00ed, podeis cascaos un <strong>almorsaret  <\/strong>cl\u00e1sico valenciano y terminar con un cremaet que te arregla el d\u00eda.<br>Un chapuz\u00f3n en sus <strong>playas<\/strong>, esas que son internacionalmente conocidas por acoger el festival \u00abmedusa\u00bb. <br>Luego a comer!  Arreaos una <strong>paella <\/strong>y, antes de eso, un chupito de cazalla para abrir el apetito. <br>Un tipical spanish siestorro en la playa, y cuando se te pase la mona, te puedes dar un garveo en el tremendo <strong>skatepark y super nuevo pumptrack<\/strong> de cemento pulido.<\/p>\n\n\n\n<p>Bienvenidos a una ciudad maravilla donde vais a poder gozar del dh fuerte, del paisaje mediterrani y sus gentes<br><br>Mas sobre Cullera: <a href=\"https:\/\/visit-cullera.es\/\"><strong>https:\/\/visit-cullera.es\/<\/strong><\/a><\/p>\n\n\n\n<div style=\"height:41px\" aria-hidden=\"true\" class=\"wp-block-spacer\"><\/div>\n\n\n\n<h2 class=\"wp-block-heading\">Sitios de inter\u00e9s<\/h2>\n\n\n\n<p><strong>KATEPARKS  \/ surf spot<\/strong>:<\/p>\n\n\n\n<ul class=\"wp-block-list\">\n<li><a href=\"https:\/\/maps.app.goo.gl\/XkH8fnf1GGmNdYft7?g_st=ic\" data-type=\"link\" data-id=\"https:\/\/maps.app.goo.gl\/XkH8fnf1GGmNdYft7?g_st=ic\" target=\"_blank\" rel=\"noreferrer noopener\">Skate park principal de la ciudad de Cullera. Uno de los mejores de la provincia de Valencia <u>Skate park<\/u>.<\/a><\/li>\n\n\n\n<li><a href=\"https:\/\/maps.app.goo.gl\/PRW25cvzze6TWxkV6?g_st=ic\" data-type=\"link\" data-id=\"https:\/\/maps.app.goo.gl\/PRW25cvzze6TWxkV6?g_st=ic\" target=\"_blank\" rel=\"noreferrer noopener\">Skate park\/pump track. El nuevo \u201cparque\u201d de atracciones para los skaters Valencianos<\/a><\/li>\n\n\n\n<li>Playa del marenyet, uno de los principales spots de surf de la costa Valenciana.<\/li>\n\n\n\n<li><a href=\"https:\/\/maps.app.goo.gl\/M9HwvnTroX5ouNhL6?g_st=ic\" data-type=\"link\" data-id=\"https:\/\/maps.app.goo.gl\/M9HwvnTroX5ouNhL6?g_st=ic\" target=\"_blank\" rel=\"noreferrer noopener\">Si las previs cuadran, quien sabe si adem\u00e1s de patinar podr\u00e1s surfear? <u>Surf spot<\/u><\/a><\/li>\n<\/ul>\n\n\n\n<p><\/p>\n\n\n\n<p><strong>SUPERMERCADOS<\/strong>:<\/p>\n\n\n\n<ul class=\"wp-block-list\">\n<li><a href=\"https:\/\/maps.app.goo.gl\/KYM6m2WcTF6pCYFQ8?g_st=ic\"><u>CONSUM<\/u><\/a><\/li>\n\n\n\n<li><a href=\"https:\/\/maps.app.goo.gl\/e58XFYFYgJ8HhKJ76?g_st=ic\"><u>MERCADONA 1<\/u><\/a><\/li>\n\n\n\n<li><a href=\"https:\/\/maps.app.goo.gl\/W7mESgA2jcL7TyBH7?g_st=ic\"><u>MERCADONA 2<\/u><\/a><\/li>\n<\/ul>\n\n\n\n<p><\/p>\n\n\n\n<p><strong>ZONA APARCAMIENTO<\/strong>: En lo alto del spot ten\u00e9is la zona de aparcamiento al lado de la salida del circuito <a href=\"https:\/\/maps.app.goo.gl\/NM1wnu8cxqV9Yi3L9?g_st=ic\"><u>ZONA PARKING E INICIO SPOT<\/u><\/a><\/p>\n\n\n\n<p><\/p>\n\n\n\n<p><strong>COMIDA<\/strong>: A 15 minutos de Cullera ten\u00e9is unos de los hornos m\u00e1s conocidos de Valencia, \u201c<a href=\"https:\/\/maps.app.goo.gl\/Nai9BWBCA6qzabRp7?g_st=ic\" data-type=\"link\" data-id=\"https:\/\/maps.app.goo.gl\/Nai9BWBCA6qzabRp7?g_st=ic\">LA BEATA IN\u00c9S<\/a>\u201d si sois golosos, sin duda ten\u00e9is que pasaros por all\u00ed. <\/p>\n\n\n\n<div style=\"height:50px\" aria-hidden=\"true\" class=\"wp-block-spacer\"><\/div>\n\n\n\n<figure class=\"wp-block-gallery has-nested-images columns-2 is-cropped wp-block-gallery-5 is-layout-flex wp-block-gallery-is-layout-flex\">\n<figure class=\"wp-block-image size-large\"><a href=\"https:\/\/dhfuerte.com\/wp-content\/uploads\/2024\/02\/4cef974da98f58f116e479b4f99f55d5.jpg\"><img loading=\"lazy\" decoding=\"async\" width=\"1024\" height=\"680\" data-id=\"85\" src=\"https:\/\/dhfuerte.com\/wp-content\/uploads\/2024\/02\/4cef974da98f58f116e479b4f99f55d5-1024x680.jpg\" alt=\"\" class=\"wp-image-85\" srcset=\"https:\/\/dhfuerte.com\/wp-content\/uploads\/2024\/02\/4cef974da98f58f116e479b4f99f55d5-1024x680.jpg 1024w, https:\/\/dhfuerte.com\/wp-content\/uploads\/2024\/02\/4cef974da98f58f116e479b4f99f55d5-300x199.jpg 300w, https:\/\/dhfuerte.com\/wp-content\/uploads\/2024\/02\/4cef974da98f58f116e479b4f99f55d5-768x510.jpg 768w, https:\/\/dhfuerte.com\/wp-content\/uploads\/2024\/02\/4cef974da98f58f116e479b4f99f55d5-600x398.jpg 600w, https:\/\/dhfuerte.com\/wp-content\/uploads\/2024\/02\/4cef974da98f58f116e479b4f99f55d5.jpg 1125w\" sizes=\"auto, (max-width: 1024px) 100vw, 1024px\" \/><\/a><\/figure>\n\n\n\n<figure class=\"wp-block-image size-large\"><a href=\"https:\/\/dhfuerte.com\/wp-content\/uploads\/2024\/02\/2023-06-02.webp\"><img loading=\"lazy\" decoding=\"async\" width=\"680\" height=\"510\" data-id=\"84\" src=\"https:\/\/dhfuerte.com\/wp-content\/uploads\/2024\/02\/2023-06-02.webp\" alt=\"\" class=\"wp-image-84\" srcset=\"https:\/\/dhfuerte.com\/wp-content\/uploads\/2024\/02\/2023-06-02.webp 680w, https:\/\/dhfuerte.com\/wp-content\/uploads\/2024\/02\/2023-06-02-300x225.webp 300w, https:\/\/dhfuerte.com\/wp-content\/uploads\/2024\/02\/2023-06-02-600x450.webp 600w\" sizes=\"auto, (max-width: 680px) 100vw, 680px\" \/><\/a><\/figure>\n\n\n\n<figure class=\"wp-block-image size-large\"><a href=\"https:\/\/dhfuerte.com\/wp-content\/uploads\/2024\/02\/308007437_425879019656885_5729530654613732493_n.jpg\"><img loading=\"lazy\" decoding=\"async\" width=\"960\" height=\"960\" data-id=\"83\" src=\"https:\/\/dhfuerte.com\/wp-content\/uploads\/2024\/02\/308007437_425879019656885_5729530654613732493_n.jpg\" alt=\"\" class=\"wp-image-83\" srcset=\"https:\/\/dhfuerte.com\/wp-content\/uploads\/2024\/02\/308007437_425879019656885_5729530654613732493_n.jpg 960w, https:\/\/dhfuerte.com\/wp-content\/uploads\/2024\/02\/308007437_425879019656885_5729530654613732493_n-300x300.jpg 300w, https:\/\/dhfuerte.com\/wp-content\/uploads\/2024\/02\/308007437_425879019656885_5729530654613732493_n-150x150.jpg 150w, https:\/\/dhfuerte.com\/wp-content\/uploads\/2024\/02\/308007437_425879019656885_5729530654613732493_n-768x768.jpg 768w, https:\/\/dhfuerte.com\/wp-content\/uploads\/2024\/02\/308007437_425879019656885_5729530654613732493_n-600x600.jpg 600w, https:\/\/dhfuerte.com\/wp-content\/uploads\/2024\/02\/308007437_425879019656885_5729530654613732493_n-100x100.jpg 100w\" sizes=\"auto, (max-width: 960px) 100vw, 960px\" \/><\/a><\/figure>\n\n\n\n<figure class=\"wp-block-image size-large\"><a href=\"https:\/\/dhfuerte.com\/wp-content\/uploads\/2024\/02\/3._Castell_de_Cullera_Ribera_Baixa_Pais_Valencia-scaled.jpg\"><img loading=\"lazy\" decoding=\"async\" width=\"1024\" height=\"708\" data-id=\"71\" src=\"https:\/\/dhfuerte.com\/wp-content\/uploads\/2024\/02\/3._Castell_de_Cullera_Ribera_Baixa_Pais_Valencia-1024x708.jpg\" alt=\"\" class=\"wp-image-71\" srcset=\"https:\/\/dhfuerte.com\/wp-content\/uploads\/2024\/02\/3._Castell_de_Cullera_Ribera_Baixa_Pais_Valencia-1024x708.jpg 1024w, https:\/\/dhfuerte.com\/wp-content\/uploads\/2024\/02\/3._Castell_de_Cullera_Ribera_Baixa_Pais_Valencia-300x207.jpg 300w, https:\/\/dhfuerte.com\/wp-content\/uploads\/2024\/02\/3._Castell_de_Cullera_Ribera_Baixa_Pais_Valencia-768x531.jpg 768w, https:\/\/dhfuerte.com\/wp-content\/uploads\/2024\/02\/3._Castell_de_Cullera_Ribera_Baixa_Pais_Valencia-1536x1062.jpg 1536w, https:\/\/dhfuerte.com\/wp-content\/uploads\/2024\/02\/3._Castell_de_Cullera_Ribera_Baixa_Pais_Valencia-2048x1416.jpg 2048w, https:\/\/dhfuerte.com\/wp-content\/uploads\/2024\/02\/3._Castell_de_Cullera_Ribera_Baixa_Pais_Valencia-1320x913.jpg 1320w, https:\/\/dhfuerte.com\/wp-content\/uploads\/2024\/02\/3._Castell_de_Cullera_Ribera_Baixa_Pais_Valencia-600x415.jpg 600w\" sizes=\"auto, (max-width: 1024px) 100vw, 1024px\" \/><\/a><\/figure>\n\n\n\n<figure class=\"wp-block-image size-large\"><a href=\"https:\/\/dhfuerte.com\/wp-content\/uploads\/2024\/02\/6b688f25-city-42679-168c4408d5d.webp\"><img loading=\"lazy\" decoding=\"async\" width=\"1024\" height=\"576\" data-id=\"69\" src=\"https:\/\/dhfuerte.com\/wp-content\/uploads\/2024\/02\/6b688f25-city-42679-168c4408d5d-1024x576.webp\" alt=\"\" class=\"wp-image-69\" srcset=\"https:\/\/dhfuerte.com\/wp-content\/uploads\/2024\/02\/6b688f25-city-42679-168c4408d5d-1024x576.webp 1024w, https:\/\/dhfuerte.com\/wp-content\/uploads\/2024\/02\/6b688f25-city-42679-168c4408d5d-300x169.webp 300w, https:\/\/dhfuerte.com\/wp-content\/uploads\/2024\/02\/6b688f25-city-42679-168c4408d5d-768x432.webp 768w, https:\/\/dhfuerte.com\/wp-content\/uploads\/2024\/02\/6b688f25-city-42679-168c4408d5d-1536x864.webp 1536w, https:\/\/dhfuerte.com\/wp-content\/uploads\/2024\/02\/6b688f25-city-42679-168c4408d5d-2048x1152.webp 2048w, https:\/\/dhfuerte.com\/wp-content\/uploads\/2024\/02\/6b688f25-city-42679-168c4408d5d-1320x743.webp 1320w, https:\/\/dhfuerte.com\/wp-content\/uploads\/2024\/02\/6b688f25-city-42679-168c4408d5d-600x338.webp 600w\" sizes=\"auto, (max-width: 1024px) 100vw, 1024px\" \/><\/a><\/figure>\n\n\n\n<figure class=\"wp-block-image size-large\"><a href=\"https:\/\/dhfuerte.com\/wp-content\/uploads\/2024\/02\/820e0f60879ed99a08ca075561a2f55c-scaled.webp\"><img loading=\"lazy\" decoding=\"async\" width=\"1024\" height=\"683\" data-id=\"70\" src=\"https:\/\/dhfuerte.com\/wp-content\/uploads\/2024\/02\/820e0f60879ed99a08ca075561a2f55c-1024x683.webp\" alt=\"\" class=\"wp-image-70\" srcset=\"https:\/\/dhfuerte.com\/wp-content\/uploads\/2024\/02\/820e0f60879ed99a08ca075561a2f55c-1024x683.webp 1024w, https:\/\/dhfuerte.com\/wp-content\/uploads\/2024\/02\/820e0f60879ed99a08ca075561a2f55c-300x200.webp 300w, https:\/\/dhfuerte.com\/wp-content\/uploads\/2024\/02\/820e0f60879ed99a08ca075561a2f55c-768x512.webp 768w, https:\/\/dhfuerte.com\/wp-content\/uploads\/2024\/02\/820e0f60879ed99a08ca075561a2f55c-1536x1024.webp 1536w, https:\/\/dhfuerte.com\/wp-content\/uploads\/2024\/02\/820e0f60879ed99a08ca075561a2f55c-2048x1365.webp 2048w, https:\/\/dhfuerte.com\/wp-content\/uploads\/2024\/02\/820e0f60879ed99a08ca075561a2f55c-1320x880.webp 1320w, https:\/\/dhfuerte.com\/wp-content\/uploads\/2024\/02\/820e0f60879ed99a08ca075561a2f55c-600x400.webp 600w\" sizes=\"auto, (max-width: 1024px) 100vw, 1024px\" \/><\/a><\/figure>\n\n\n\n<figure class=\"wp-block-image size-large\"><a href=\"https:\/\/dhfuerte.com\/wp-content\/uploads\/2024\/02\/Estany_7H9A0524.jpg\"><img loading=\"lazy\" decoding=\"async\" width=\"1024\" height=\"683\" data-id=\"67\" src=\"https:\/\/dhfuerte.com\/wp-content\/uploads\/2024\/02\/Estany_7H9A0524-1024x683.jpg\" alt=\"\" class=\"wp-image-67\" srcset=\"https:\/\/dhfuerte.com\/wp-content\/uploads\/2024\/02\/Estany_7H9A0524-1024x683.jpg 1024w, https:\/\/dhfuerte.com\/wp-content\/uploads\/2024\/02\/Estany_7H9A0524-300x200.jpg 300w, https:\/\/dhfuerte.com\/wp-content\/uploads\/2024\/02\/Estany_7H9A0524-768x512.jpg 768w, https:\/\/dhfuerte.com\/wp-content\/uploads\/2024\/02\/Estany_7H9A0524-1536x1024.jpg 1536w, https:\/\/dhfuerte.com\/wp-content\/uploads\/2024\/02\/Estany_7H9A0524-1320x880.jpg 1320w, https:\/\/dhfuerte.com\/wp-content\/uploads\/2024\/02\/Estany_7H9A0524-600x400.jpg 600w, https:\/\/dhfuerte.com\/wp-content\/uploads\/2024\/02\/Estany_7H9A0524.jpg 1920w\" sizes=\"auto, (max-width: 1024px) 100vw, 1024px\" \/><\/a><\/figure>\n\n\n\n<figure class=\"wp-block-image size-large\"><a href=\"https:\/\/dhfuerte.com\/wp-content\/uploads\/2024\/02\/Parroquia_Santos_Juanes_B4A1194.jpg\"><img loading=\"lazy\" decoding=\"async\" width=\"1024\" height=\"683\" data-id=\"68\" src=\"https:\/\/dhfuerte.com\/wp-content\/uploads\/2024\/02\/Parroquia_Santos_Juanes_B4A1194-1024x683.jpg\" alt=\"\" class=\"wp-image-68\" srcset=\"https:\/\/dhfuerte.com\/wp-content\/uploads\/2024\/02\/Parroquia_Santos_Juanes_B4A1194-1024x683.jpg 1024w, https:\/\/dhfuerte.com\/wp-content\/uploads\/2024\/02\/Parroquia_Santos_Juanes_B4A1194-300x200.jpg 300w, https:\/\/dhfuerte.com\/wp-content\/uploads\/2024\/02\/Parroquia_Santos_Juanes_B4A1194-768x512.jpg 768w, https:\/\/dhfuerte.com\/wp-content\/uploads\/2024\/02\/Parroquia_Santos_Juanes_B4A1194-1536x1024.jpg 1536w, https:\/\/dhfuerte.com\/wp-content\/uploads\/2024\/02\/Parroquia_Santos_Juanes_B4A1194-1320x880.jpg 1320w, https:\/\/dhfuerte.com\/wp-content\/uploads\/2024\/02\/Parroquia_Santos_Juanes_B4A1194-600x400.jpg 600w, https:\/\/dhfuerte.com\/wp-content\/uploads\/2024\/02\/Parroquia_Santos_Juanes_B4A1194.jpg 1920w\" sizes=\"auto, (max-width: 1024px) 100vw, 1024px\" \/><\/a><\/figure>\n\n\n\n<figure class=\"wp-block-image size-large\"><a href=\"https:\/\/dhfuerte.com\/wp-content\/uploads\/2024\/02\/Playa_San_Antoni_7H9A0469.jpg\"><img loading=\"lazy\" decoding=\"async\" width=\"1024\" height=\"683\" data-id=\"64\" src=\"https:\/\/dhfuerte.com\/wp-content\/uploads\/2024\/02\/Playa_San_Antoni_7H9A0469-1024x683.jpg\" alt=\"\" class=\"wp-image-64\" srcset=\"https:\/\/dhfuerte.com\/wp-content\/uploads\/2024\/02\/Playa_San_Antoni_7H9A0469-1024x683.jpg 1024w, https:\/\/dhfuerte.com\/wp-content\/uploads\/2024\/02\/Playa_San_Antoni_7H9A0469-300x200.jpg 300w, https:\/\/dhfuerte.com\/wp-content\/uploads\/2024\/02\/Playa_San_Antoni_7H9A0469-768x512.jpg 768w, https:\/\/dhfuerte.com\/wp-content\/uploads\/2024\/02\/Playa_San_Antoni_7H9A0469-1536x1024.jpg 1536w, https:\/\/dhfuerte.com\/wp-content\/uploads\/2024\/02\/Playa_San_Antoni_7H9A0469-1320x880.jpg 1320w, https:\/\/dhfuerte.com\/wp-content\/uploads\/2024\/02\/Playa_San_Antoni_7H9A0469-600x400.jpg 600w, https:\/\/dhfuerte.com\/wp-content\/uploads\/2024\/02\/Playa_San_Antoni_7H9A0469.jpg 1920w\" sizes=\"auto, (max-width: 1024px) 100vw, 1024px\" \/><\/a><\/figure>\n\n\n\n<figure class=\"wp-block-image size-large\"><a href=\"https:\/\/dhfuerte.com\/wp-content\/uploads\/2024\/02\/Puerto_Cullera_7H9A2086.jpg\"><img loading=\"lazy\" decoding=\"async\" width=\"1024\" height=\"683\" data-id=\"65\" src=\"https:\/\/dhfuerte.com\/wp-content\/uploads\/2024\/02\/Puerto_Cullera_7H9A2086-1024x683.jpg\" alt=\"\" class=\"wp-image-65\" srcset=\"https:\/\/dhfuerte.com\/wp-content\/uploads\/2024\/02\/Puerto_Cullera_7H9A2086-1024x683.jpg 1024w, https:\/\/dhfuerte.com\/wp-content\/uploads\/2024\/02\/Puerto_Cullera_7H9A2086-300x200.jpg 300w, https:\/\/dhfuerte.com\/wp-content\/uploads\/2024\/02\/Puerto_Cullera_7H9A2086-768x512.jpg 768w, https:\/\/dhfuerte.com\/wp-content\/uploads\/2024\/02\/Puerto_Cullera_7H9A2086-1536x1024.jpg 1536w, https:\/\/dhfuerte.com\/wp-content\/uploads\/2024\/02\/Puerto_Cullera_7H9A2086-1320x880.jpg 1320w, https:\/\/dhfuerte.com\/wp-content\/uploads\/2024\/02\/Puerto_Cullera_7H9A2086-600x400.jpg 600w, https:\/\/dhfuerte.com\/wp-content\/uploads\/2024\/02\/Puerto_Cullera_7H9A2086.jpg 1920w\" sizes=\"auto, (max-width: 1024px) 100vw, 1024px\" \/><\/a><\/figure>\n\n\n\n<figure class=\"wp-block-image size-large\"><a href=\"https:\/\/dhfuerte.com\/wp-content\/uploads\/2024\/02\/Santuario_Virgen_del_Castillo_B4A1296-1.jpg\"><img loading=\"lazy\" decoding=\"async\" width=\"1024\" height=\"683\" data-id=\"66\" src=\"https:\/\/dhfuerte.com\/wp-content\/uploads\/2024\/02\/Santuario_Virgen_del_Castillo_B4A1296-1-1024x683.jpg\" alt=\"\" class=\"wp-image-66\" srcset=\"https:\/\/dhfuerte.com\/wp-content\/uploads\/2024\/02\/Santuario_Virgen_del_Castillo_B4A1296-1-1024x683.jpg 1024w, https:\/\/dhfuerte.com\/wp-content\/uploads\/2024\/02\/Santuario_Virgen_del_Castillo_B4A1296-1-300x200.jpg 300w, https:\/\/dhfuerte.com\/wp-content\/uploads\/2024\/02\/Santuario_Virgen_del_Castillo_B4A1296-1-768x512.jpg 768w, https:\/\/dhfuerte.com\/wp-content\/uploads\/2024\/02\/Santuario_Virgen_del_Castillo_B4A1296-1-1536x1024.jpg 1536w, https:\/\/dhfuerte.com\/wp-content\/uploads\/2024\/02\/Santuario_Virgen_del_Castillo_B4A1296-1-1320x880.jpg 1320w, https:\/\/dhfuerte.com\/wp-content\/uploads\/2024\/02\/Santuario_Virgen_del_Castillo_B4A1296-1-600x400.jpg 600w, https:\/\/dhfuerte.com\/wp-content\/uploads\/2024\/02\/Santuario_Virgen_del_Castillo_B4A1296-1.jpg 1920w\" sizes=\"auto, (max-width: 1024px) 100vw, 1024px\" \/><\/a><\/figure>\n\n\n\n<figure class=\"wp-block-image size-large\"><a href=\"https:\/\/dhfuerte.com\/wp-content\/uploads\/2024\/02\/Sky-Cullera-1.jpg\"><img loading=\"lazy\" decoding=\"async\" width=\"1000\" height=\"750\" data-id=\"63\" src=\"https:\/\/dhfuerte.com\/wp-content\/uploads\/2024\/02\/Sky-Cullera-1.jpg\" alt=\"\" class=\"wp-image-63\" srcset=\"https:\/\/dhfuerte.com\/wp-content\/uploads\/2024\/02\/Sky-Cullera-1.jpg 1000w, https:\/\/dhfuerte.com\/wp-content\/uploads\/2024\/02\/Sky-Cullera-1-300x225.jpg 300w, https:\/\/dhfuerte.com\/wp-content\/uploads\/2024\/02\/Sky-Cullera-1-768x576.jpg 768w, https:\/\/dhfuerte.com\/wp-content\/uploads\/2024\/02\/Sky-Cullera-1-600x450.jpg 600w\" sizes=\"auto, (max-width: 1000px) 100vw, 1000px\" \/><\/a><\/figure>\n<\/figure>\n\n\n\n<div class=\"wp-block-group has-base-2-background-color has-background is-layout-flow wp-container-core-group-is-layout-838fb855 wp-block-group-is-layout-flow\" style=\"margin-top:0;margin-bottom:0;padding-top:0;padding-right:var(--wp--preset--spacing--10);padding-bottom:0;padding-left:var(--wp--preset--spacing--10)\">\n<div style=\"height:33px\" aria-hidden=\"true\" class=\"wp-block-spacer\"><\/div>\n\n\n\n<h2 class=\"wp-block-heading has-text-align-center\" id=\"SPONSORS\">SPONSORS PATROCINADORES<\/h2>\n\n\n\n<p class=\"has-text-align-center\">Estamos en b\u00fasqueda de sponsors!! si quieres apoyar el evento para dar visibilidad a tu negocio escr\u00edbenos! \ud83d\ude4c\ud83d\udc95<\/p>\n\n\n\n<div class=\"wp-block-group is-content-justification-center is-layout-flex wp-container-core-group-is-layout-6bc77034 wp-block-group-is-layout-flex\" style=\"margin-top:var(--wp--preset--spacing--20);margin-bottom:var(--wp--preset--spacing--20);padding-right:var(--wp--preset--spacing--10);padding-left:var(--wp--preset--spacing--10)\">\n<figure class=\"wp-block-image size-full is-resized\"><img loading=\"lazy\" decoding=\"async\" width=\"577\" height=\"577\" src=\"https:\/\/dhfuerte.com\/wp-content\/uploads\/2025\/01\/lg_fep_monocromatico.jpg\" alt=\"\" class=\"wp-image-548\" style=\"width:153px;height:auto\" srcset=\"https:\/\/dhfuerte.com\/wp-content\/uploads\/2025\/01\/lg_fep_monocromatico.jpg 577w, https:\/\/dhfuerte.com\/wp-content\/uploads\/2025\/01\/lg_fep_monocromatico-300x300.jpg 300w, https:\/\/dhfuerte.com\/wp-content\/uploads\/2025\/01\/lg_fep_monocromatico-150x150.jpg 150w, https:\/\/dhfuerte.com\/wp-content\/uploads\/2025\/01\/lg_fep_monocromatico-100x100.jpg 100w\" sizes=\"auto, (max-width: 577px) 100vw, 577px\" \/><\/figure>\n\n\n\n<figure class=\"wp-block-image size-full is-resized\"><img loading=\"lazy\" decoding=\"async\" width=\"800\" height=\"588\" src=\"https:\/\/dhfuerte.com\/wp-content\/uploads\/2025\/01\/FEDE_1_6ed5de31-739b-4026-8bf2-8b5c6b064727.jpg\" alt=\"\" class=\"wp-image-549\" style=\"width:156px;height:auto\" srcset=\"https:\/\/dhfuerte.com\/wp-content\/uploads\/2025\/01\/FEDE_1_6ed5de31-739b-4026-8bf2-8b5c6b064727.jpg 800w, https:\/\/dhfuerte.com\/wp-content\/uploads\/2025\/01\/FEDE_1_6ed5de31-739b-4026-8bf2-8b5c6b064727-300x221.jpg 300w, https:\/\/dhfuerte.com\/wp-content\/uploads\/2025\/01\/FEDE_1_6ed5de31-739b-4026-8bf2-8b5c6b064727-768x564.jpg 768w, https:\/\/dhfuerte.com\/wp-content\/uploads\/2025\/01\/FEDE_1_6ed5de31-739b-4026-8bf2-8b5c6b064727-600x441.jpg 600w\" sizes=\"auto, (max-width: 800px) 100vw, 800px\" \/><\/figure>\n\n\n\n<figure class=\"wp-block-image size-full is-resized\"><img loading=\"lazy\" decoding=\"async\" width=\"295\" height=\"55\" src=\"https:\/\/dhfuerte.com\/wp-content\/uploads\/2024\/02\/image001.png\" alt=\"\" class=\"wp-image-252\" style=\"width:268px;height:auto\"\/><\/figure>\n\n\n\n<figure class=\"wp-block-image size-full is-resized\"><img loading=\"lazy\" decoding=\"async\" width=\"535\" height=\"618\" src=\"https:\/\/dhfuerte.com\/wp-content\/uploads\/2024\/02\/Logo-KAINA-DH-hexagonal-negro-2.png\" alt=\"\" class=\"wp-image-256\" style=\"width:91px;height:auto\" srcset=\"https:\/\/dhfuerte.com\/wp-content\/uploads\/2024\/02\/Logo-KAINA-DH-hexagonal-negro-2.png 535w, https:\/\/dhfuerte.com\/wp-content\/uploads\/2024\/02\/Logo-KAINA-DH-hexagonal-negro-2-260x300.png 260w\" sizes=\"auto, (max-width: 535px) 100vw, 535px\" \/><\/figure>\n\n\n\n<figure class=\"wp-block-image size-large is-resized\"><img loading=\"lazy\" decoding=\"async\" width=\"1024\" height=\"489\" src=\"https:\/\/dhfuerte.com\/wp-content\/uploads\/2025\/03\/Baifo-logo-normal--1024x489.png\" alt=\"\" class=\"wp-image-692\" style=\"width:155px;height:auto\" srcset=\"https:\/\/dhfuerte.com\/wp-content\/uploads\/2025\/03\/Baifo-logo-normal--1024x489.png 1024w, https:\/\/dhfuerte.com\/wp-content\/uploads\/2025\/03\/Baifo-logo-normal--300x143.png 300w, https:\/\/dhfuerte.com\/wp-content\/uploads\/2025\/03\/Baifo-logo-normal--768x367.png 768w, https:\/\/dhfuerte.com\/wp-content\/uploads\/2025\/03\/Baifo-logo-normal--1536x734.png 1536w, https:\/\/dhfuerte.com\/wp-content\/uploads\/2025\/03\/Baifo-logo-normal--2048x979.png 2048w, https:\/\/dhfuerte.com\/wp-content\/uploads\/2025\/03\/Baifo-logo-normal--18x9.png 18w, https:\/\/dhfuerte.com\/wp-content\/uploads\/2025\/03\/Baifo-logo-normal--600x287.png 600w\" sizes=\"auto, (max-width: 1024px) 100vw, 1024px\" \/><\/figure>\n\n\n\n<figure class=\"wp-block-image size-full\"><img loading=\"lazy\" decoding=\"async\" width=\"144\" height=\"56\" src=\"https:\/\/dhfuerte.com\/wp-content\/uploads\/2025\/03\/UB-I-LOGO-BLACK.png\" alt=\"\" class=\"wp-image-693\" srcset=\"https:\/\/dhfuerte.com\/wp-content\/uploads\/2025\/03\/UB-I-LOGO-BLACK.png 144w, https:\/\/dhfuerte.com\/wp-content\/uploads\/2025\/03\/UB-I-LOGO-BLACK-18x7.png 18w\" sizes=\"auto, (max-width: 144px) 100vw, 144px\" \/><\/figure>\n\n\n\n<figure class=\"wp-block-image size-large is-resized\"><img loading=\"lazy\" decoding=\"async\" width=\"1024\" height=\"284\" src=\"https:\/\/dhfuerte.com\/wp-content\/uploads\/2025\/03\/Imagen-de-WhatsApp-2025-03-06-a-las-14.45.42_f36e883a-1024x284.jpg\" alt=\"\" class=\"wp-image-694\" style=\"width:213px;height:auto\" srcset=\"https:\/\/dhfuerte.com\/wp-content\/uploads\/2025\/03\/Imagen-de-WhatsApp-2025-03-06-a-las-14.45.42_f36e883a-1024x284.jpg 1024w, https:\/\/dhfuerte.com\/wp-content\/uploads\/2025\/03\/Imagen-de-WhatsApp-2025-03-06-a-las-14.45.42_f36e883a-300x83.jpg 300w, https:\/\/dhfuerte.com\/wp-content\/uploads\/2025\/03\/Imagen-de-WhatsApp-2025-03-06-a-las-14.45.42_f36e883a-768x213.jpg 768w, https:\/\/dhfuerte.com\/wp-content\/uploads\/2025\/03\/Imagen-de-WhatsApp-2025-03-06-a-las-14.45.42_f36e883a-1536x425.jpg 1536w, https:\/\/dhfuerte.com\/wp-content\/uploads\/2025\/03\/Imagen-de-WhatsApp-2025-03-06-a-las-14.45.42_f36e883a-18x5.jpg 18w, https:\/\/dhfuerte.com\/wp-content\/uploads\/2025\/03\/Imagen-de-WhatsApp-2025-03-06-a-las-14.45.42_f36e883a-600x166.jpg 600w, https:\/\/dhfuerte.com\/wp-content\/uploads\/2025\/03\/Imagen-de-WhatsApp-2025-03-06-a-las-14.45.42_f36e883a.jpg 1600w\" sizes=\"auto, (max-width: 1024px) 100vw, 1024px\" \/><\/figure>\n\n\n\n<figure class=\"wp-block-image size-full is-resized\"><img loading=\"lazy\" decoding=\"async\" width=\"800\" height=\"800\" src=\"https:\/\/dhfuerte.com\/wp-content\/uploads\/2025\/03\/Logotipo-Portada-landing_1.png\" alt=\"\" class=\"wp-image-695\" style=\"width:139px;height:auto\" srcset=\"https:\/\/dhfuerte.com\/wp-content\/uploads\/2025\/03\/Logotipo-Portada-landing_1.png 800w, https:\/\/dhfuerte.com\/wp-content\/uploads\/2025\/03\/Logotipo-Portada-landing_1-300x300.png 300w, https:\/\/dhfuerte.com\/wp-content\/uploads\/2025\/03\/Logotipo-Portada-landing_1-150x150.png 150w, https:\/\/dhfuerte.com\/wp-content\/uploads\/2025\/03\/Logotipo-Portada-landing_1-768x768.png 768w, https:\/\/dhfuerte.com\/wp-content\/uploads\/2025\/03\/Logotipo-Portada-landing_1-12x12.png 12w, https:\/\/dhfuerte.com\/wp-content\/uploads\/2025\/03\/Logotipo-Portada-landing_1-600x600.png 600w, https:\/\/dhfuerte.com\/wp-content\/uploads\/2025\/03\/Logotipo-Portada-landing_1-100x100.png 100w\" sizes=\"auto, (max-width: 800px) 100vw, 800px\" \/><\/figure>\n\n\n\n<figure class=\"wp-block-image size-large is-resized\"><img loading=\"lazy\" decoding=\"async\" width=\"1024\" height=\"149\" src=\"https:\/\/dhfuerte.com\/wp-content\/uploads\/2025\/03\/TORIMU-1024x149.png\" alt=\"\" class=\"wp-image-696\" style=\"width:234px;height:auto\" srcset=\"https:\/\/dhfuerte.com\/wp-content\/uploads\/2025\/03\/TORIMU-1024x149.png 1024w, https:\/\/dhfuerte.com\/wp-content\/uploads\/2025\/03\/TORIMU-300x44.png 300w, https:\/\/dhfuerte.com\/wp-content\/uploads\/2025\/03\/TORIMU-768x112.png 768w, https:\/\/dhfuerte.com\/wp-content\/uploads\/2025\/03\/TORIMU-1536x224.png 1536w, https:\/\/dhfuerte.com\/wp-content\/uploads\/2025\/03\/TORIMU-2048x299.png 2048w, https:\/\/dhfuerte.com\/wp-content\/uploads\/2025\/03\/TORIMU-18x3.png 18w, https:\/\/dhfuerte.com\/wp-content\/uploads\/2025\/03\/TORIMU-600x88.png 600w\" sizes=\"auto, (max-width: 1024px) 100vw, 1024px\" \/><\/figure>\n<\/div>\n\n\n\n<div style=\"height:39px\" aria-hidden=\"true\" class=\"wp-block-spacer\"><\/div>\n<\/div>\n\n\n\n<p><\/p>\n\n\n\n<p><\/p>\n","protected":false},"excerpt":{"rendered":"<p>INLINE DOWNHILL | LONGBOARD DOWNHILL | LUGE Qu\u00e9 tienes que hacer despu\u00e9s de las fallas? porque aqu\u00ed tenemos plan para quitarte el mono de patinar freeride comenzando la primavera. Adem\u00e1s acogemos el Campeonato de Espa\u00f1a y de la Comunidad Valenciana. Slidejam, downhill, fiestita, playa, skateparks&#8230; pronto sabr\u00e9is m\u00e1s \ud83d\udc95 Alguna duda? Escr\u00edbenos en Instagram: @hortadownhill [&hellip;]<\/p>\n","protected":false},"author":1,"featured_media":373,"parent":0,"menu_order":0,"comment_status":"closed","ping_status":"closed","template":"page-no-title","meta":{"footnotes":""},"class_list":["post-17","page","type-page","status-publish","has-post-thumbnail","hentry"],"yoast_head":"<!-- This site is optimized with the Yoast SEO plugin v27.0 - https:\/\/yoast.com\/product\/yoast-seo-wordpress\/ -->\n<title>CULLERA DOWNHILL RACE 2026 - Cullera Downhill Race<\/title>\n<meta name=\"description\" content=\"Tenemos plan para quitarte el mono de patinar freeride comenzando la primavera. Adem\u00e1s acogemos el Campeonato de Espa\u00f1a y de la Comunidad Valenciana. Slidejam, downhill, fiestita, playa, skateparks...\" \/>\n<meta name=\"robots\" content=\"index, follow, max-snippet:-1, max-image-preview:large, max-video-preview:-1\" \/>\n<link rel=\"canonical\" href=\"https:\/\/dhfuerte.com\/en\/\" \/>\n<meta property=\"og:locale\" content=\"en_GB\" \/>\n<meta property=\"og:type\" content=\"article\" \/>\n<meta property=\"og:title\" content=\"CULLERA DOWNHILL RACE 2026 - Cullera Downhill Race\" \/>\n<meta property=\"og:description\" content=\"Tenemos plan para quitarte el mono de patinar freeride comenzando la primavera. Adem\u00e1s acogemos el Campeonato de Espa\u00f1a y de la Comunidad Valenciana. Slidejam, downhill, fiestita, playa, skateparks...\" \/>\n<meta property=\"og:url\" content=\"https:\/\/dhfuerte.com\/en\/\" \/>\n<meta property=\"og:site_name\" content=\"Cullera Downhill Race\" \/>\n<meta property=\"article:modified_time\" content=\"2026-02-02T14:48:35+00:00\" \/>\n<meta property=\"og:image\" content=\"https:\/\/dhfuerte.com\/wp-content\/uploads\/2024\/11\/@caluminthemiddle-68-scaled.jpg\" \/>\n\t<meta property=\"og:image:width\" content=\"1707\" \/>\n\t<meta property=\"og:image:height\" content=\"2560\" \/>\n\t<meta property=\"og:image:type\" content=\"image\/jpeg\" \/>\n<meta name=\"twitter:card\" content=\"summary_large_image\" \/>\n<meta name=\"twitter:label1\" content=\"Estimated reading time\" \/>\n\t<meta name=\"twitter:data1\" content=\"11 minutes\" \/>\n<script type=\"application\/ld+json\" class=\"yoast-schema-graph\">{\"@context\":\"https:\/\/schema.org\",\"@graph\":[{\"@type\":\"WebPage\",\"@id\":\"https:\/\/dhfuerte.com\/\",\"url\":\"https:\/\/dhfuerte.com\/\",\"name\":\"CULLERA DOWNHILL RACE 2026 - Cullera Downhill Race\",\"isPartOf\":{\"@id\":\"https:\/\/dhfuerte.com\/#website\"},\"primaryImageOfPage\":{\"@id\":\"https:\/\/dhfuerte.com\/#primaryimage\"},\"image\":{\"@id\":\"https:\/\/dhfuerte.com\/#primaryimage\"},\"thumbnailUrl\":\"https:\/\/dhfuerte.com\/wp-content\/uploads\/2024\/11\/@caluminthemiddle-68-scaled.jpg\",\"datePublished\":\"2024-02-10T18:21:50+00:00\",\"dateModified\":\"2026-02-02T14:48:35+00:00\",\"description\":\"Tenemos plan para quitarte el mono de patinar freeride comenzando la primavera. Adem\u00e1s acogemos el Campeonato de Espa\u00f1a y de la Comunidad Valenciana. Slidejam, downhill, fiestita, playa, skateparks...\",\"breadcrumb\":{\"@id\":\"https:\/\/dhfuerte.com\/#breadcrumb\"},\"inLanguage\":\"en-GB\",\"potentialAction\":[{\"@type\":\"ReadAction\",\"target\":[\"https:\/\/dhfuerte.com\/\"]}]},{\"@type\":\"ImageObject\",\"inLanguage\":\"en-GB\",\"@id\":\"https:\/\/dhfuerte.com\/#primaryimage\",\"url\":\"https:\/\/dhfuerte.com\/wp-content\/uploads\/2024\/11\/@caluminthemiddle-68-scaled.jpg\",\"contentUrl\":\"https:\/\/dhfuerte.com\/wp-content\/uploads\/2024\/11\/@caluminthemiddle-68-scaled.jpg\",\"width\":1707,\"height\":2560},{\"@type\":\"BreadcrumbList\",\"@id\":\"https:\/\/dhfuerte.com\/#breadcrumb\",\"itemListElement\":[{\"@type\":\"ListItem\",\"position\":1,\"name\":\"Portada\",\"item\":\"https:\/\/dhfuerte.com\/\"},{\"@type\":\"ListItem\",\"position\":2,\"name\":\"CULLERA DOWNHILL RACE 2026\"}]},{\"@type\":\"WebSite\",\"@id\":\"https:\/\/dhfuerte.com\/#website\",\"url\":\"https:\/\/dhfuerte.com\/\",\"name\":\"Cullera Downhill Race 2024 - dhFuerte\",\"description\":\"Os presentamos la carrera y freeride \u00abCULLERA DOWNHILL RACE\u00bb Donde los m\u00e1s freeriders podr\u00e1n disfrutar de 3 d\u00edas de bajadas sin parar y a la vez acogemos el Campeonato de Espa\u00f1a y de la Comunidad Valenciana\",\"publisher\":{\"@id\":\"https:\/\/dhfuerte.com\/#organization\"},\"potentialAction\":[{\"@type\":\"SearchAction\",\"target\":{\"@type\":\"EntryPoint\",\"urlTemplate\":\"https:\/\/dhfuerte.com\/?s={search_term_string}\"},\"query-input\":{\"@type\":\"PropertyValueSpecification\",\"valueRequired\":true,\"valueName\":\"search_term_string\"}}],\"inLanguage\":\"en-GB\"},{\"@type\":\"Organization\",\"@id\":\"https:\/\/dhfuerte.com\/#organization\",\"name\":\"Cullera Downhill Race\",\"url\":\"https:\/\/dhfuerte.com\/\",\"logo\":{\"@type\":\"ImageObject\",\"inLanguage\":\"en-GB\",\"@id\":\"https:\/\/dhfuerte.com\/#\/schema\/logo\/image\/\",\"url\":\"https:\/\/dhfuerte.com\/wp-content\/uploads\/2024\/02\/ig-logo.jpg\",\"contentUrl\":\"https:\/\/dhfuerte.com\/wp-content\/uploads\/2024\/02\/ig-logo.jpg\",\"width\":1080,\"height\":1080,\"caption\":\"Cullera Downhill Race\"},\"image\":{\"@id\":\"https:\/\/dhfuerte.com\/#\/schema\/logo\/image\/\"},\"sameAs\":[\"https:\/\/www.instagram.com\/hortadownhill\/\"]}]}<\/script>\n<!-- \/ Yoast SEO plugin. -->","yoast_head_json":{"title":"CULLERA DOWNHILL RACE 2026 - Cullera Downhill Race","description":"Tenemos plan para quitarte el mono de patinar freeride comenzando la primavera. Adem\u00e1s acogemos el Campeonato de Espa\u00f1a y de la Comunidad Valenciana. Slidejam, downhill, fiestita, playa, skateparks...","robots":{"index":"index","follow":"follow","max-snippet":"max-snippet:-1","max-image-preview":"max-image-preview:large","max-video-preview":"max-video-preview:-1"},"canonical":"https:\/\/dhfuerte.com\/en\/","og_locale":"en_GB","og_type":"article","og_title":"CULLERA DOWNHILL RACE 2026 - Cullera Downhill Race","og_description":"Tenemos plan para quitarte el mono de patinar freeride comenzando la primavera. Adem\u00e1s acogemos el Campeonato de Espa\u00f1a y de la Comunidad Valenciana. Slidejam, downhill, fiestita, playa, skateparks...","og_url":"https:\/\/dhfuerte.com\/en\/","og_site_name":"Cullera Downhill Race","article_modified_time":"2026-02-02T14:48:35+00:00","og_image":[{"width":1707,"height":2560,"url":"https:\/\/dhfuerte.com\/wp-content\/uploads\/2024\/11\/@caluminthemiddle-68-scaled.jpg","type":"image\/jpeg"}],"twitter_card":"summary_large_image","twitter_misc":{"Estimated reading time":"11 minutes"},"schema":{"@context":"https:\/\/schema.org","@graph":[{"@type":"WebPage","@id":"https:\/\/dhfuerte.com\/","url":"https:\/\/dhfuerte.com\/","name":"CULLERA DOWNHILL RACE 2026 - Cullera Downhill Race","isPartOf":{"@id":"https:\/\/dhfuerte.com\/#website"},"primaryImageOfPage":{"@id":"https:\/\/dhfuerte.com\/#primaryimage"},"image":{"@id":"https:\/\/dhfuerte.com\/#primaryimage"},"thumbnailUrl":"https:\/\/dhfuerte.com\/wp-content\/uploads\/2024\/11\/@caluminthemiddle-68-scaled.jpg","datePublished":"2024-02-10T18:21:50+00:00","dateModified":"2026-02-02T14:48:35+00:00","description":"Tenemos plan para quitarte el mono de patinar freeride comenzando la primavera. Adem\u00e1s acogemos el Campeonato de Espa\u00f1a y de la Comunidad Valenciana. Slidejam, downhill, fiestita, playa, skateparks...","breadcrumb":{"@id":"https:\/\/dhfuerte.com\/#breadcrumb"},"inLanguage":"en-GB","potentialAction":[{"@type":"ReadAction","target":["https:\/\/dhfuerte.com\/"]}]},{"@type":"ImageObject","inLanguage":"en-GB","@id":"https:\/\/dhfuerte.com\/#primaryimage","url":"https:\/\/dhfuerte.com\/wp-content\/uploads\/2024\/11\/@caluminthemiddle-68-scaled.jpg","contentUrl":"https:\/\/dhfuerte.com\/wp-content\/uploads\/2024\/11\/@caluminthemiddle-68-scaled.jpg","width":1707,"height":2560},{"@type":"BreadcrumbList","@id":"https:\/\/dhfuerte.com\/#breadcrumb","itemListElement":[{"@type":"ListItem","position":1,"name":"Portada","item":"https:\/\/dhfuerte.com\/"},{"@type":"ListItem","position":2,"name":"CULLERA DOWNHILL RACE 2026"}]},{"@type":"WebSite","@id":"https:\/\/dhfuerte.com\/#website","url":"https:\/\/dhfuerte.com\/","name":"Cullera Downhill Race 2024 - dhFuerte","description":"Os presentamos la carrera y freeride \u00abCULLERA DOWNHILL RACE\u00bb Donde los m\u00e1s freeriders podr\u00e1n disfrutar de 3 d\u00edas de bajadas sin parar y a la vez acogemos el Campeonato de Espa\u00f1a y de la Comunidad Valenciana","publisher":{"@id":"https:\/\/dhfuerte.com\/#organization"},"potentialAction":[{"@type":"SearchAction","target":{"@type":"EntryPoint","urlTemplate":"https:\/\/dhfuerte.com\/?s={search_term_string}"},"query-input":{"@type":"PropertyValueSpecification","valueRequired":true,"valueName":"search_term_string"}}],"inLanguage":"en-GB"},{"@type":"Organization","@id":"https:\/\/dhfuerte.com\/#organization","name":"Cullera Downhill Race","url":"https:\/\/dhfuerte.com\/","logo":{"@type":"ImageObject","inLanguage":"en-GB","@id":"https:\/\/dhfuerte.com\/#\/schema\/logo\/image\/","url":"https:\/\/dhfuerte.com\/wp-content\/uploads\/2024\/02\/ig-logo.jpg","contentUrl":"https:\/\/dhfuerte.com\/wp-content\/uploads\/2024\/02\/ig-logo.jpg","width":1080,"height":1080,"caption":"Cullera Downhill Race"},"image":{"@id":"https:\/\/dhfuerte.com\/#\/schema\/logo\/image\/"},"sameAs":["https:\/\/www.instagram.com\/hortadownhill\/"]}]}},"_links":{"self":[{"href":"https:\/\/dhfuerte.com\/en\/wp-json\/wp\/v2\/pages\/17","targetHints":{"allow":["GET"]}}],"collection":[{"href":"https:\/\/dhfuerte.com\/en\/wp-json\/wp\/v2\/pages"}],"about":[{"href":"https:\/\/dhfuerte.com\/en\/wp-json\/wp\/v2\/types\/page"}],"author":[{"embeddable":true,"href":"https:\/\/dhfuerte.com\/en\/wp-json\/wp\/v2\/users\/1"}],"replies":[{"embeddable":true,"href":"https:\/\/dhfuerte.com\/en\/wp-json\/wp\/v2\/comments?post=17"}],"version-history":[{"count":78,"href":"https:\/\/dhfuerte.com\/en\/wp-json\/wp\/v2\/pages\/17\/revisions"}],"predecessor-version":[{"id":803,"href":"https:\/\/dhfuerte.com\/en\/wp-json\/wp\/v2\/pages\/17\/revisions\/803"}],"wp:featuredmedia":[{"embeddable":true,"href":"https:\/\/dhfuerte.com\/en\/wp-json\/wp\/v2\/media\/373"}],"wp:attachment":[{"href":"https:\/\/dhfuerte.com\/en\/wp-json\/wp\/v2\/media?parent=17"}],"curies":[{"name":"wp","href":"https:\/\/api.w.org\/{rel}","templated":true}]}}