{"id":860,"date":"2026-03-13T18:38:25","date_gmt":"2026-03-13T17:38:25","guid":{"rendered":"https:\/\/dhfuerte.com\/?page_id=860"},"modified":"2026-03-13T18:47:52","modified_gmt":"2026-03-13T17:47:52","slug":"info","status":"publish","type":"page","link":"https:\/\/dhfuerte.com\/en\/info\/","title":{"rendered":"Cullera Downhill Race 2026"},"content":{"rendered":"<div class=\"wp-block-cover\"><img loading=\"lazy\" decoding=\"async\" width=\"1024\" height=\"683\" class=\"wp-block-cover__image-background wp-image-379 size-large\" alt=\"\" src=\"https:\/\/dhfuerte.com\/wp-content\/uploads\/2024\/11\/@caluminthemiddle-04529-1024x683.jpg\" data-object-fit=\"cover\" srcset=\"https:\/\/dhfuerte.com\/wp-content\/uploads\/2024\/11\/@caluminthemiddle-04529-1024x683.jpg 1024w, https:\/\/dhfuerte.com\/wp-content\/uploads\/2024\/11\/@caluminthemiddle-04529-300x200.jpg 300w, https:\/\/dhfuerte.com\/wp-content\/uploads\/2024\/11\/@caluminthemiddle-04529-768x512.jpg 768w, https:\/\/dhfuerte.com\/wp-content\/uploads\/2024\/11\/@caluminthemiddle-04529-1536x1024.jpg 1536w, https:\/\/dhfuerte.com\/wp-content\/uploads\/2024\/11\/@caluminthemiddle-04529-600x400.jpg 600w, https:\/\/dhfuerte.com\/wp-content\/uploads\/2024\/11\/@caluminthemiddle-04529.jpg 1920w\" sizes=\"auto, (max-width: 1024px) 100vw, 1024px\" \/><span aria-hidden=\"true\" class=\"wp-block-cover__background has-background-dim-20 has-background-dim\" style=\"background-color:#6f7b85\"><\/span><div class=\"wp-block-cover__inner-container has-global-padding is-layout-constrained wp-block-cover-is-layout-constrained\">\n<p class=\"has-text-align-center has-large-font-size\">27, 28 y 29 de Marzo \u00b7 Cullera, Valencia<\/p>\n<\/div><\/div>\n\n\n\n<p>Es un evento de descenso en carretera con <strong>inline downhill, longboard downhill y luge<\/strong>.<\/p>\n\n\n\n<p>El <strong>p\u00fablico puede venir<\/strong> en cualquier momento del fin de semana, pero los momentos m\u00e1s interesantes para verlo son:<\/p>\n\n\n\n<p>\ud83d\udd25 <strong>S\u00e1bado por la tarde: Slide Jam<\/strong><\/p>\n\n\n\n<p>\ud83c\udfc1<strong> Domingo: finales hasta las 16:00<\/strong><\/p>\n\n\n\n<h2 class=\"wp-block-heading\">Horario del evento<\/h2>\n\n\n\n<ul class=\"wp-block-list\">\n<li><strong>Viernes 27<\/strong>\n<ul class=\"wp-block-list\">\n<li>Freeride\n<ul class=\"wp-block-list\">\n<li>10:00\u201314:00<\/li>\n\n\n\n<li>15:00\u201318:00<\/li>\n<\/ul>\n<\/li>\n<\/ul>\n<\/li>\n\n\n\n<li><strong>S\u00e1bado 28<\/strong>\n<ul class=\"wp-block-list\">\n<li>Freeride y carrera\n<ul class=\"wp-block-list\">\n<li>10:00\u201314:00<\/li>\n\n\n\n<li>15:00\u201318:00<\/li>\n<\/ul>\n<\/li>\n\n\n\n<li>\ud83d\udd25 <strong>Slide Jam \u00b7 19:00\u201321:00<\/strong>\n<ul class=\"wp-block-list\">\n<li><strong><a href=\"https:\/\/maps.app.goo.gl\/nQfBhHSGNfRUeSK28\" type=\"link\" id=\"https:\/\/maps.app.goo.gl\/nQfBhHSGNfRUeSK28\">Repl\u00e0 de Sant Antoni, Cullera<\/a><\/strong><\/li>\n\n\n\n<li>M\u00fasica, fuegos artificiales y mucho derrape.<\/li>\n<\/ul>\n<\/li>\n<\/ul>\n<\/li>\n\n\n\n<li><strong>Domingo 29<\/strong>\n<ul class=\"wp-block-list\">\n<li>\ud83c\udfc1 <strong>Finales y cierre del evento \u00b7 9:00\u201316:00<\/strong><\/li>\n\n\n\n<li>Circuito de la carretera del <a href=\"https:\/\/maps.app.goo.gl\/bJhev1moZVu5j7wS9\" type=\"link\" id=\"https:\/\/maps.app.goo.gl\/bJhev1moZVu5j7wS9\">radar meteorol\u00f3gico de Cullera<\/a>.<\/li>\n<\/ul>\n<\/li>\n<\/ul>\n\n\n\n<h2 class=\"wp-block-heading\">C\u00f3mo llegar y d\u00f3nde verlo<\/h2>\n\n\n\n<p>El circuito est\u00e1 en la carretera que sube al radar meteorol\u00f3gico de Cullera.<\/p>\n\n\n\n<p>El acceso es por la meta, <a href=\"https:\/\/maps.app.goo.gl\/bJhev1moZVu5j7wS9\">en Urbanizaci\u00f3n Villas del Mediterr\u00e1neo<\/a><\/p>\n\n\n\n<p>Para el p\u00fablico, puedes aparcar antes y subir andando, sin cruzar la carretera y siguiendo siempre las indicaciones de los comisarios.<\/p>\n\n\n\n<h2 class=\"wp-block-heading\">Recomendaciones<\/h2>\n\n\n\n<p>Lleva agua o bebida fresca, protector solar \u2728 y calzado c\u00f3modo para caminar por la zona.<\/p>\n\n\n\n<p><\/p>\n\n\n\n<p>MAS INFO EN <a href=\"https:\/\/dhfuerte.com\/en\/\">https:\/\/dhfuerte.com<\/a><\/p>\n\n\n\n<p><\/p>","protected":false},"excerpt":{"rendered":"<p>Es un evento de descenso en carretera con inline downhill, longboard downhill y luge. El p\u00fablico puede venir en cualquier momento del fin de semana, pero los momentos m\u00e1s interesantes para verlo son: \ud83d\udd25 S\u00e1bado por la tarde: Slide Jam \ud83c\udfc1 Domingo: finales hasta las 16:00 Horario del evento C\u00f3mo llegar y d\u00f3nde verlo El [&hellip;]<\/p>\n","protected":false},"author":1,"featured_media":0,"parent":0,"menu_order":0,"comment_status":"closed","ping_status":"closed","template":"","meta":{"footnotes":""},"class_list":["post-860","page","type-page","status-publish","hentry"],"yoast_head":"<!-- This site is optimized with the Yoast SEO plugin v27.0 - https:\/\/yoast.com\/product\/yoast-seo-wordpress\/ -->\n<title>Cullera Downhill Race 2026 - Cullera Downhill Race<\/title>\n<meta name=\"robots\" content=\"index, follow, max-snippet:-1, max-image-preview:large, max-video-preview:-1\" \/>\n<link rel=\"canonical\" href=\"https:\/\/dhfuerte.com\/en\/info\/\" \/>\n<meta property=\"og:locale\" content=\"en_GB\" \/>\n<meta property=\"og:type\" content=\"article\" \/>\n<meta property=\"og:title\" content=\"Cullera Downhill Race 2026 - Cullera Downhill Race\" \/>\n<meta property=\"og:description\" content=\"Es un evento de descenso en carretera con inline downhill, longboard downhill y luge. El p\u00fablico puede venir en cualquier momento del fin de semana, pero los momentos m\u00e1s interesantes para verlo son: \ud83d\udd25 S\u00e1bado por la tarde: Slide Jam \ud83c\udfc1 Domingo: finales hasta las 16:00 Horario del evento C\u00f3mo llegar y d\u00f3nde verlo El [&hellip;]\" \/>\n<meta property=\"og:url\" content=\"https:\/\/dhfuerte.com\/en\/info\/\" \/>\n<meta property=\"og:site_name\" content=\"Cullera Downhill Race\" \/>\n<meta property=\"article:modified_time\" content=\"2026-03-13T17:47:52+00:00\" \/>\n<meta property=\"og:image\" content=\"https:\/\/dhfuerte.com\/wp-content\/uploads\/2024\/11\/@caluminthemiddle-04529.jpg\" \/>\n\t<meta property=\"og:image:width\" content=\"1920\" \/>\n\t<meta property=\"og:image:height\" content=\"1280\" \/>\n\t<meta property=\"og:image:type\" content=\"image\/jpeg\" \/>\n<meta name=\"twitter:card\" content=\"summary_large_image\" \/>\n<meta name=\"twitter:label1\" content=\"Estimated reading time\" \/>\n\t<meta name=\"twitter:data1\" content=\"2 minutes\" \/>\n<script type=\"application\/ld+json\" class=\"yoast-schema-graph\">{\"@context\":\"https:\/\/schema.org\",\"@graph\":[{\"@type\":\"WebPage\",\"@id\":\"https:\/\/dhfuerte.com\/info\/\",\"url\":\"https:\/\/dhfuerte.com\/info\/\",\"name\":\"Cullera Downhill Race 2026 - Cullera Downhill Race\",\"isPartOf\":{\"@id\":\"https:\/\/dhfuerte.com\/#website\"},\"primaryImageOfPage\":{\"@id\":\"https:\/\/dhfuerte.com\/info\/#primaryimage\"},\"image\":{\"@id\":\"https:\/\/dhfuerte.com\/info\/#primaryimage\"},\"thumbnailUrl\":\"https:\/\/dhfuerte.com\/wp-content\/uploads\/2024\/11\/@caluminthemiddle-04529-1024x683.jpg\",\"datePublished\":\"2026-03-13T17:38:25+00:00\",\"dateModified\":\"2026-03-13T17:47:52+00:00\",\"breadcrumb\":{\"@id\":\"https:\/\/dhfuerte.com\/info\/#breadcrumb\"},\"inLanguage\":\"en-GB\",\"potentialAction\":[{\"@type\":\"ReadAction\",\"target\":[\"https:\/\/dhfuerte.com\/info\/\"]}]},{\"@type\":\"ImageObject\",\"inLanguage\":\"en-GB\",\"@id\":\"https:\/\/dhfuerte.com\/info\/#primaryimage\",\"url\":\"https:\/\/dhfuerte.com\/wp-content\/uploads\/2024\/11\/@caluminthemiddle-04529-1024x683.jpg\",\"contentUrl\":\"https:\/\/dhfuerte.com\/wp-content\/uploads\/2024\/11\/@caluminthemiddle-04529-1024x683.jpg\"},{\"@type\":\"BreadcrumbList\",\"@id\":\"https:\/\/dhfuerte.com\/info\/#breadcrumb\",\"itemListElement\":[{\"@type\":\"ListItem\",\"position\":1,\"name\":\"Portada\",\"item\":\"https:\/\/dhfuerte.com\/\"},{\"@type\":\"ListItem\",\"position\":2,\"name\":\"Cullera Downhill Race 2026\"}]},{\"@type\":\"WebSite\",\"@id\":\"https:\/\/dhfuerte.com\/#website\",\"url\":\"https:\/\/dhfuerte.com\/\",\"name\":\"Cullera Downhill Race 2024 - dhFuerte\",\"description\":\"Os presentamos la carrera y freeride \u00abCULLERA DOWNHILL RACE\u00bb Donde los m\u00e1s freeriders podr\u00e1n disfrutar de 3 d\u00edas de bajadas sin parar y a la vez acogemos el Campeonato de Espa\u00f1a y de la Comunidad Valenciana\",\"publisher\":{\"@id\":\"https:\/\/dhfuerte.com\/#organization\"},\"potentialAction\":[{\"@type\":\"SearchAction\",\"target\":{\"@type\":\"EntryPoint\",\"urlTemplate\":\"https:\/\/dhfuerte.com\/?s={search_term_string}\"},\"query-input\":{\"@type\":\"PropertyValueSpecification\",\"valueRequired\":true,\"valueName\":\"search_term_string\"}}],\"inLanguage\":\"en-GB\"},{\"@type\":\"Organization\",\"@id\":\"https:\/\/dhfuerte.com\/#organization\",\"name\":\"Cullera Downhill Race\",\"url\":\"https:\/\/dhfuerte.com\/\",\"logo\":{\"@type\":\"ImageObject\",\"inLanguage\":\"en-GB\",\"@id\":\"https:\/\/dhfuerte.com\/#\/schema\/logo\/image\/\",\"url\":\"https:\/\/dhfuerte.com\/wp-content\/uploads\/2024\/02\/ig-logo.jpg\",\"contentUrl\":\"https:\/\/dhfuerte.com\/wp-content\/uploads\/2024\/02\/ig-logo.jpg\",\"width\":1080,\"height\":1080,\"caption\":\"Cullera Downhill Race\"},\"image\":{\"@id\":\"https:\/\/dhfuerte.com\/#\/schema\/logo\/image\/\"},\"sameAs\":[\"https:\/\/www.instagram.com\/hortadownhill\/\"]}]}<\/script>\n<!-- \/ Yoast SEO plugin. -->","yoast_head_json":{"title":"Cullera Downhill Race 2026 - Cullera Downhill Race","robots":{"index":"index","follow":"follow","max-snippet":"max-snippet:-1","max-image-preview":"max-image-preview:large","max-video-preview":"max-video-preview:-1"},"canonical":"https:\/\/dhfuerte.com\/en\/info\/","og_locale":"en_GB","og_type":"article","og_title":"Cullera Downhill Race 2026 - Cullera Downhill Race","og_description":"Es un evento de descenso en carretera con inline downhill, longboard downhill y luge. El p\u00fablico puede venir en cualquier momento del fin de semana, pero los momentos m\u00e1s interesantes para verlo son: \ud83d\udd25 S\u00e1bado por la tarde: Slide Jam \ud83c\udfc1 Domingo: finales hasta las 16:00 Horario del evento C\u00f3mo llegar y d\u00f3nde verlo El [&hellip;]","og_url":"https:\/\/dhfuerte.com\/en\/info\/","og_site_name":"Cullera Downhill Race","article_modified_time":"2026-03-13T17:47:52+00:00","og_image":[{"width":1920,"height":1280,"url":"https:\/\/dhfuerte.com\/wp-content\/uploads\/2024\/11\/@caluminthemiddle-04529.jpg","type":"image\/jpeg"}],"twitter_card":"summary_large_image","twitter_misc":{"Estimated reading time":"2 minutes"},"schema":{"@context":"https:\/\/schema.org","@graph":[{"@type":"WebPage","@id":"https:\/\/dhfuerte.com\/info\/","url":"https:\/\/dhfuerte.com\/info\/","name":"Cullera Downhill Race 2026 - Cullera Downhill Race","isPartOf":{"@id":"https:\/\/dhfuerte.com\/#website"},"primaryImageOfPage":{"@id":"https:\/\/dhfuerte.com\/info\/#primaryimage"},"image":{"@id":"https:\/\/dhfuerte.com\/info\/#primaryimage"},"thumbnailUrl":"https:\/\/dhfuerte.com\/wp-content\/uploads\/2024\/11\/@caluminthemiddle-04529-1024x683.jpg","datePublished":"2026-03-13T17:38:25+00:00","dateModified":"2026-03-13T17:47:52+00:00","breadcrumb":{"@id":"https:\/\/dhfuerte.com\/info\/#breadcrumb"},"inLanguage":"en-GB","potentialAction":[{"@type":"ReadAction","target":["https:\/\/dhfuerte.com\/info\/"]}]},{"@type":"ImageObject","inLanguage":"en-GB","@id":"https:\/\/dhfuerte.com\/info\/#primaryimage","url":"https:\/\/dhfuerte.com\/wp-content\/uploads\/2024\/11\/@caluminthemiddle-04529-1024x683.jpg","contentUrl":"https:\/\/dhfuerte.com\/wp-content\/uploads\/2024\/11\/@caluminthemiddle-04529-1024x683.jpg"},{"@type":"BreadcrumbList","@id":"https:\/\/dhfuerte.com\/info\/#breadcrumb","itemListElement":[{"@type":"ListItem","position":1,"name":"Portada","item":"https:\/\/dhfuerte.com\/"},{"@type":"ListItem","position":2,"name":"Cullera Downhill Race 2026"}]},{"@type":"WebSite","@id":"https:\/\/dhfuerte.com\/#website","url":"https:\/\/dhfuerte.com\/","name":"Cullera Downhill Race 2024 - dhFuerte","description":"Os presentamos la carrera y freeride \u00abCULLERA DOWNHILL RACE\u00bb Donde los m\u00e1s freeriders podr\u00e1n disfrutar de 3 d\u00edas de bajadas sin parar y a la vez acogemos el Campeonato de Espa\u00f1a y de la Comunidad Valenciana","publisher":{"@id":"https:\/\/dhfuerte.com\/#organization"},"potentialAction":[{"@type":"SearchAction","target":{"@type":"EntryPoint","urlTemplate":"https:\/\/dhfuerte.com\/?s={search_term_string}"},"query-input":{"@type":"PropertyValueSpecification","valueRequired":true,"valueName":"search_term_string"}}],"inLanguage":"en-GB"},{"@type":"Organization","@id":"https:\/\/dhfuerte.com\/#organization","name":"Cullera Downhill Race","url":"https:\/\/dhfuerte.com\/","logo":{"@type":"ImageObject","inLanguage":"en-GB","@id":"https:\/\/dhfuerte.com\/#\/schema\/logo\/image\/","url":"https:\/\/dhfuerte.com\/wp-content\/uploads\/2024\/02\/ig-logo.jpg","contentUrl":"https:\/\/dhfuerte.com\/wp-content\/uploads\/2024\/02\/ig-logo.jpg","width":1080,"height":1080,"caption":"Cullera Downhill Race"},"image":{"@id":"https:\/\/dhfuerte.com\/#\/schema\/logo\/image\/"},"sameAs":["https:\/\/www.instagram.com\/hortadownhill\/"]}]}},"_links":{"self":[{"href":"https:\/\/dhfuerte.com\/en\/wp-json\/wp\/v2\/pages\/860","targetHints":{"allow":["GET"]}}],"collection":[{"href":"https:\/\/dhfuerte.com\/en\/wp-json\/wp\/v2\/pages"}],"about":[{"href":"https:\/\/dhfuerte.com\/en\/wp-json\/wp\/v2\/types\/page"}],"author":[{"embeddable":true,"href":"https:\/\/dhfuerte.com\/en\/wp-json\/wp\/v2\/users\/1"}],"replies":[{"embeddable":true,"href":"https:\/\/dhfuerte.com\/en\/wp-json\/wp\/v2\/comments?post=860"}],"version-history":[{"count":6,"href":"https:\/\/dhfuerte.com\/en\/wp-json\/wp\/v2\/pages\/860\/revisions"}],"predecessor-version":[{"id":870,"href":"https:\/\/dhfuerte.com\/en\/wp-json\/wp\/v2\/pages\/860\/revisions\/870"}],"wp:attachment":[{"href":"https:\/\/dhfuerte.com\/en\/wp-json\/wp\/v2\/media?parent=860"}],"curies":[{"name":"wp","href":"https:\/\/api.w.org\/{rel}","templated":true}]}}